{"id":3028,"date":"2022-07-01T18:05:20","date_gmt":"2022-07-01T21:05:20","guid":{"rendered":"https:\/\/radiobitacora.com.ar\/web\/?page_id=3028"},"modified":"2025-06-21T16:49:59","modified_gmt":"2025-06-21T19:49:59","slug":"inicio-modificado","status":"publish","type":"page","link":"https:\/\/radiobitacora.com.ar\/web\/","title":{"rendered":"Inicio modificado 2"},"content":{"rendered":"<div id=\"tdi_1\" class=\"tdc-row\"><div class=\"vc_row vc_custom_1657027508253 tdi_2  wpb_row td-pb-row\" >\n<style scoped>\n\/* custom css - generated by TagDiv Composer *\/\n\n\/* tdc_composer_block - inline css att *\/\n.vc_custom_1657027508253{margin-top: -45px !important;}\n\/* custom css - generated by TagDiv Composer *\/\n.tdi_2,\r\n                .tdi_2 .tdc-columns{\r\n                    min-height: 0;\r\n                }.tdi_2,\r\n\t\t\t\t.tdi_2 .tdc-columns{\r\n\t\t\t\t    display: block;\r\n\t\t\t\t}.tdi_2 .tdc-columns{\r\n\t\t\t\t    width: 100%;\r\n\t\t\t\t}.tdi_2:before,\r\n\t\t\t\t.tdi_2:after{\r\n\t\t\t\t    display: table;\r\n\t\t\t\t}\n<\/style><div class=\"vc_column tdi_4  wpb_column vc_column_container tdc-column td-pb-span12\">\n<style scoped>\n\/* custom css - generated by TagDiv Composer *\/\n\n\/* custom css - generated by TagDiv Composer *\/\n.tdi_4{\r\n                    vertical-align: baseline;\r\n                }.tdi_4 > .wpb_wrapper,\r\n\t\t\t\t.tdi_4 > .wpb_wrapper > .tdc-elements{\r\n\t\t\t\t    display: block;\r\n\t\t\t\t}.tdi_4 > .wpb_wrapper > .tdc-elements{\r\n\t\t\t\t    width: 100%;\r\n\t\t\t\t}.tdi_4 > .wpb_wrapper > .vc_row_inner{\r\n\t\t\t\t    width: auto;\r\n\t\t\t\t}.tdi_4 > .wpb_wrapper{\r\n\t\t\t\t    width: auto;\r\n\t\t\t\t    height: auto;\r\n\t\t\t\t}\n<\/style><div class=\"wpb_wrapper\" ><div class=\"td_block_wrap td_block_big_grid_1 tdi_5 td-grid-style-1 td-hover-1 td-big-grids td-pb-border-top td_block_template_1\"  data-td-block-uid=\"tdi_5\" ><div id=tdi_5 class=\"td_block_inner\"><div class=\"td-big-grid-wrapper\">\r\n        <div class=\"td_module_mx5 td-animation-stack td-big-grid-post-0 td-big-grid-post td-big-thumb\">\r\n            <div class=\"td-module-thumb\"><a href=\"https:\/\/radiobitacora.com.ar\/web\/2026\/04\/25\/capacitacion-en-manipulacion-de-alimentos-2\/\"  rel=\"bookmark\" class=\"td-image-wrap \" title=\"CAPACITACI\u00d3N EN MANIPULACI\u00d3N DE ALIMENTOS\" ><img loading=\"lazy\" decoding=\"async\" width=\"534\" height=\"462\" class=\"entry-thumb\" src=\"https:\/\/radiobitacora.com.ar\/web\/wp-content\/uploads\/2026\/04\/Manipulacion-de-alimentos-curso-de-Bromatologia-2-534x462.jpg\"   alt=\"\" title=\"CAPACITACI\u00d3N EN MANIPULACI\u00d3N DE ALIMENTOS\" \/><\/a><\/div>            <div class=\"td-meta-info-container\">\r\n                <div class=\"td-meta-align\">\r\n                    <div class=\"td-big-grid-meta\">\r\n                        <a href=\"https:\/\/radiobitacora.com.ar\/web\/category\/locales\/\" class=\"td-post-category\" >LOCALES<\/a>                        <h3 class=\"entry-title td-module-title\"><a href=\"https:\/\/radiobitacora.com.ar\/web\/2026\/04\/25\/capacitacion-en-manipulacion-de-alimentos-2\/\"  rel=\"bookmark\" title=\"CAPACITACI\u00d3N EN MANIPULACI\u00d3N DE ALIMENTOS\">CAPACITACI\u00d3N EN MANIPULACI\u00d3N DE ALIMENTOS<\/a><\/h3>                    <\/div>\r\n                    <div class=\"td-module-meta-info\">\r\n                                                <span class=\"td-post-date\"><time class=\"entry-date updated td-module-date\" datetime=\"2026-04-25T21:11:47-03:00\" >25 abril, 2026<\/time><\/span>                    <\/div>\r\n                <\/div>\r\n            <\/div>\r\n\r\n        <\/div>\r\n\r\n        <div class=\"td-big-grid-scroll\">\r\n        <div class=\"td_module_mx6 td-animation-stack td-big-grid-post-1 td-big-grid-post td-small-thumb\">\r\n            <div class=\"td-module-thumb\"><a href=\"https:\/\/radiobitacora.com.ar\/web\/2026\/04\/25\/patrimonio-recuperado-el-nuevo-paseo-cultural-que-busca-reconectar-a-goya-con-su-historia\/\"  rel=\"bookmark\" class=\"td-image-wrap \" title=\"PATRIMONIO RECUPERADO: EL NUEVO PASEO CULTURAL QUE BUSCA RECONECTAR A GOYA CON SU HISTORIA\" ><img loading=\"lazy\" decoding=\"async\" width=\"265\" height=\"198\" class=\"entry-thumb\" src=\"https:\/\/radiobitacora.com.ar\/web\/wp-content\/uploads\/2026\/04\/Luisina-Leyes-patrimonio-recuperado-3-265x198.jpeg\"  srcset=\"https:\/\/radiobitacora.com.ar\/web\/wp-content\/uploads\/2026\/04\/Luisina-Leyes-patrimonio-recuperado-3-265x198.jpeg 265w, https:\/\/radiobitacora.com.ar\/web\/wp-content\/uploads\/2026\/04\/Luisina-Leyes-patrimonio-recuperado-3-80x60.jpeg 80w\" sizes=\"auto, (max-width: 265px) 100vw, 265px\"  alt=\"\" title=\"PATRIMONIO RECUPERADO: EL NUEVO PASEO CULTURAL QUE BUSCA RECONECTAR A GOYA CON SU HISTORIA\" \/><\/a><\/div>            <div class=\"td-meta-info-container\">\r\n                <div class=\"td-meta-align\">\r\n                    <div class=\"td-big-grid-meta\">\r\n                        <a href=\"https:\/\/radiobitacora.com.ar\/web\/category\/locales\/\" class=\"td-post-category\" >LOCALES<\/a>                        <h3 class=\"entry-title td-module-title\"><a href=\"https:\/\/radiobitacora.com.ar\/web\/2026\/04\/25\/patrimonio-recuperado-el-nuevo-paseo-cultural-que-busca-reconectar-a-goya-con-su-historia\/\"  rel=\"bookmark\" title=\"PATRIMONIO RECUPERADO: EL NUEVO PASEO CULTURAL QUE BUSCA RECONECTAR A GOYA CON SU HISTORIA\">PATRIMONIO RECUPERADO: EL NUEVO PASEO CULTURAL QUE BUSCA RECONECTAR A GOYA CON SU HISTORIA<\/a><\/h3>                    <\/div>\r\n                <\/div>\r\n            <\/div>\r\n\r\n        <\/div>\r\n\r\n\r\n        \r\n        <div class=\"td_module_mx6 td-animation-stack td-big-grid-post-2 td-big-grid-post td-small-thumb\">\r\n            <div class=\"td-module-thumb\"><a href=\"https:\/\/radiobitacora.com.ar\/web\/2026\/04\/25\/prefectura-realizara-campana-de-incorporacion-para-el-ciclo-lectivo-2027\/\"  rel=\"bookmark\" class=\"td-image-wrap \" title=\"PREFECTURA REALIZAR\u00c1 CAMPA\u00d1A DE INCORPORACI\u00d3N PARA EL CICLO LECTIVO 2027\" ><img loading=\"lazy\" decoding=\"async\" width=\"265\" height=\"198\" class=\"entry-thumb\" src=\"https:\/\/radiobitacora.com.ar\/web\/wp-content\/uploads\/2026\/04\/prefectura-265x198.jpeg\"  srcset=\"https:\/\/radiobitacora.com.ar\/web\/wp-content\/uploads\/2026\/04\/prefectura-265x198.jpeg 265w, https:\/\/radiobitacora.com.ar\/web\/wp-content\/uploads\/2026\/04\/prefectura-80x60.jpeg 80w\" sizes=\"auto, (max-width: 265px) 100vw, 265px\"  alt=\"\" title=\"PREFECTURA REALIZAR\u00c1 CAMPA\u00d1A DE INCORPORACI\u00d3N PARA EL CICLO LECTIVO 2027\" \/><\/a><\/div>            <div class=\"td-meta-info-container\">\r\n                <div class=\"td-meta-align\">\r\n                    <div class=\"td-big-grid-meta\">\r\n                        <a href=\"https:\/\/radiobitacora.com.ar\/web\/category\/locales\/\" class=\"td-post-category\" >LOCALES<\/a>                        <h3 class=\"entry-title td-module-title\"><a href=\"https:\/\/radiobitacora.com.ar\/web\/2026\/04\/25\/prefectura-realizara-campana-de-incorporacion-para-el-ciclo-lectivo-2027\/\"  rel=\"bookmark\" title=\"PREFECTURA REALIZAR\u00c1 CAMPA\u00d1A DE INCORPORACI\u00d3N PARA EL CICLO LECTIVO 2027\">PREFECTURA REALIZAR\u00c1 CAMPA\u00d1A DE INCORPORACI\u00d3N PARA EL CICLO LECTIVO 2027<\/a><\/h3>                    <\/div>\r\n                <\/div>\r\n            <\/div>\r\n\r\n        <\/div>\r\n\r\n\r\n        \r\n        <div class=\"td_module_mx6 td-animation-stack td-big-grid-post-3 td-big-grid-post td-small-thumb\">\r\n            <div class=\"td-module-thumb\"><a href=\"https:\/\/radiobitacora.com.ar\/web\/2026\/04\/25\/alejandra-eliciri-llamo-a-crear-una-mesa-de-la-microrregion-para-desarrollar-la-reserva\/\"  rel=\"bookmark\" class=\"td-image-wrap \" title=\"ALEJANDRA ELICIRI LLAM\u00d3 A CREAR UNA MESA DE LA MICRORREGI\u00d3N PARA DESARROLLAR LA RESERVA\" ><img loading=\"lazy\" decoding=\"async\" width=\"265\" height=\"198\" class=\"entry-thumb\" src=\"https:\/\/radiobitacora.com.ar\/web\/wp-content\/uploads\/2026\/04\/Alejandra-Eliciri-charla-en-48-edicion-FNS-goya-265x198.jpg\"  srcset=\"https:\/\/radiobitacora.com.ar\/web\/wp-content\/uploads\/2026\/04\/Alejandra-Eliciri-charla-en-48-edicion-FNS-goya-265x198.jpg 265w, https:\/\/radiobitacora.com.ar\/web\/wp-content\/uploads\/2026\/04\/Alejandra-Eliciri-charla-en-48-edicion-FNS-goya-80x60.jpg 80w\" sizes=\"auto, (max-width: 265px) 100vw, 265px\"  alt=\"\" title=\"ALEJANDRA ELICIRI LLAM\u00d3 A CREAR UNA MESA DE LA MICRORREGI\u00d3N PARA DESARROLLAR LA RESERVA\" \/><\/a><\/div>            <div class=\"td-meta-info-container\">\r\n                <div class=\"td-meta-align\">\r\n                    <div class=\"td-big-grid-meta\">\r\n                        <a href=\"https:\/\/radiobitacora.com.ar\/web\/category\/locales\/\" class=\"td-post-category\" >LOCALES<\/a>                        <h3 class=\"entry-title td-module-title\"><a href=\"https:\/\/radiobitacora.com.ar\/web\/2026\/04\/25\/alejandra-eliciri-llamo-a-crear-una-mesa-de-la-microrregion-para-desarrollar-la-reserva\/\"  rel=\"bookmark\" title=\"ALEJANDRA ELICIRI LLAM\u00d3 A CREAR UNA MESA DE LA MICRORREGI\u00d3N PARA DESARROLLAR LA RESERVA\">ALEJANDRA ELICIRI LLAM\u00d3 A CREAR UNA MESA DE LA MICRORREGI\u00d3N PARA DESARROLLAR LA RESERVA<\/a><\/h3>                    <\/div>\r\n                <\/div>\r\n            <\/div>\r\n\r\n        <\/div>\r\n\r\n\r\n        \r\n        <div class=\"td_module_mx6 td-animation-stack td-big-grid-post-4 td-big-grid-post td-small-thumb\">\r\n            <div class=\"td-module-thumb\"><a href=\"https:\/\/radiobitacora.com.ar\/web\/2026\/04\/25\/ven-a-bailar-humildad-familia-y-el-esperado-regreso-al-escenario-mayor-de-la-fns-2026\/\"  rel=\"bookmark\" class=\"td-image-wrap \" title=\"\u201cVEN A BAILAR\u201d: HUMILDAD, FAMILIA Y EL ESPERADO REGRESO AL ESCENARIO MAYOR DE LA FNS 2026\" ><img loading=\"lazy\" decoding=\"async\" width=\"265\" height=\"198\" class=\"entry-thumb\" src=\"https:\/\/radiobitacora.com.ar\/web\/wp-content\/uploads\/2026\/04\/Ven-a-bailar-265x198.png\"  srcset=\"https:\/\/radiobitacora.com.ar\/web\/wp-content\/uploads\/2026\/04\/Ven-a-bailar-265x198.png 265w, https:\/\/radiobitacora.com.ar\/web\/wp-content\/uploads\/2026\/04\/Ven-a-bailar-80x60.png 80w\" sizes=\"auto, (max-width: 265px) 100vw, 265px\"  alt=\"\" title=\"\u201cVEN A BAILAR\u201d: HUMILDAD, FAMILIA Y EL ESPERADO REGRESO AL ESCENARIO MAYOR DE LA FNS 2026\" \/><\/a><\/div>            <div class=\"td-meta-info-container\">\r\n                <div class=\"td-meta-align\">\r\n                    <div class=\"td-big-grid-meta\">\r\n                        <a href=\"https:\/\/radiobitacora.com.ar\/web\/category\/locales\/\" class=\"td-post-category\" >LOCALES<\/a>                        <h3 class=\"entry-title td-module-title\"><a href=\"https:\/\/radiobitacora.com.ar\/web\/2026\/04\/25\/ven-a-bailar-humildad-familia-y-el-esperado-regreso-al-escenario-mayor-de-la-fns-2026\/\"  rel=\"bookmark\" title=\"\u201cVEN A BAILAR\u201d: HUMILDAD, FAMILIA Y EL ESPERADO REGRESO AL ESCENARIO MAYOR DE LA FNS 2026\">\u201cVEN A BAILAR\u201d: HUMILDAD, FAMILIA Y EL ESPERADO REGRESO AL ESCENARIO MAYOR DE LA FNS 2026<\/a><\/h3>                    <\/div>\r\n                <\/div>\r\n            <\/div>\r\n\r\n        <\/div>\r\n\r\n\r\n        <\/div><\/div><div class=\"clearfix\"><\/div><\/div><\/div> <!-- .\/block --><\/div><\/div><\/div><\/div><div id=\"tdi_6\" class=\"tdc-row\"><div class=\"vc_row tdi_7 td-ss-row wpb_row td-pb-row\" >\n<style scoped>\n\/* custom css - generated by TagDiv Composer *\/\n\n\/* custom css - generated by TagDiv Composer *\/\n.tdi_7,\r\n                .tdi_7 .tdc-columns{\r\n                    min-height: 0;\r\n                }.tdi_7,\r\n\t\t\t\t.tdi_7 .tdc-columns{\r\n\t\t\t\t    display: block;\r\n\t\t\t\t}.tdi_7 .tdc-columns{\r\n\t\t\t\t    width: 100%;\r\n\t\t\t\t}.tdi_7:before,\r\n\t\t\t\t.tdi_7:after{\r\n\t\t\t\t    display: table;\r\n\t\t\t\t}\n<\/style><div class=\"vc_column tdi_9  wpb_column vc_column_container tdc-column td-pb-span8\">\n<style scoped>\n\/* custom css - generated by TagDiv Composer *\/\n\n\/* custom css - generated by TagDiv Composer *\/\n.tdi_9{\r\n                    vertical-align: baseline;\r\n                }.tdi_9 > .wpb_wrapper,\r\n\t\t\t\t.tdi_9 > .wpb_wrapper > .tdc-elements{\r\n\t\t\t\t    display: block;\r\n\t\t\t\t}.tdi_9 > .wpb_wrapper > .tdc-elements{\r\n\t\t\t\t    width: 100%;\r\n\t\t\t\t}.tdi_9 > .wpb_wrapper > .vc_row_inner{\r\n\t\t\t\t    width: auto;\r\n\t\t\t\t}.tdi_9 > .wpb_wrapper{\r\n\t\t\t\t    width: auto;\r\n\t\t\t\t    height: auto;\r\n\t\t\t\t}\n<\/style><div class=\"wpb_wrapper\" ><div class=\"td_block_wrap td_block_4 tdi_10 td_with_ajax_pagination td-pb-border-top td_block_template_1 td-column-2 td_block_padding\"  data-td-block-uid=\"tdi_10\" ><script>var block_tdi_10 = new tdBlock();\nblock_tdi_10.id = \"tdi_10\";\nblock_tdi_10.atts = '{\"limit\":\"30\",\"ajax_pagination\":\"next_prev\",\"header_color\":\"#e58200\",\"block_type\":\"td_block_4\",\"separator\":\"\",\"custom_title\":\"\",\"custom_url\":\"\",\"block_template_id\":\"\",\"m2_tl\":\"\",\"m2_el\":\"\",\"post_ids\":\"\",\"category_id\":\"\",\"taxonomies\":\"\",\"category_ids\":\"\",\"in_all_terms\":\"\",\"tag_slug\":\"\",\"autors_id\":\"\",\"installed_post_types\":\"\",\"include_cf_posts\":\"\",\"exclude_cf_posts\":\"\",\"sort\":\"\",\"popular_by_date\":\"\",\"linked_posts\":\"\",\"favourite_only\":\"\",\"offset\":\"\",\"open_in_new_window\":\"\",\"show_modified_date\":\"\",\"time_ago\":\"\",\"time_ago_add_txt\":\"ago\",\"time_ago_txt_pos\":\"\",\"review_source\":\"\",\"el_class\":\"\",\"td_ajax_filter_type\":\"\",\"td_ajax_filter_ids\":\"\",\"td_filter_default_txt\":\"All\",\"td_ajax_preloading\":\"\",\"f_header_font_header\":\"\",\"f_header_font_title\":\"Block header\",\"f_header_font_settings\":\"\",\"f_header_font_family\":\"\",\"f_header_font_size\":\"\",\"f_header_font_line_height\":\"\",\"f_header_font_style\":\"\",\"f_header_font_weight\":\"\",\"f_header_font_transform\":\"\",\"f_header_font_spacing\":\"\",\"f_header_\":\"\",\"f_ajax_font_title\":\"Ajax categories\",\"f_ajax_font_settings\":\"\",\"f_ajax_font_family\":\"\",\"f_ajax_font_size\":\"\",\"f_ajax_font_line_height\":\"\",\"f_ajax_font_style\":\"\",\"f_ajax_font_weight\":\"\",\"f_ajax_font_transform\":\"\",\"f_ajax_font_spacing\":\"\",\"f_ajax_\":\"\",\"f_more_font_title\":\"Load more button\",\"f_more_font_settings\":\"\",\"f_more_font_family\":\"\",\"f_more_font_size\":\"\",\"f_more_font_line_height\":\"\",\"f_more_font_style\":\"\",\"f_more_font_weight\":\"\",\"f_more_font_transform\":\"\",\"f_more_font_spacing\":\"\",\"f_more_\":\"\",\"m2f_title_font_header\":\"\",\"m2f_title_font_title\":\"Article title\",\"m2f_title_font_settings\":\"\",\"m2f_title_font_family\":\"\",\"m2f_title_font_size\":\"\",\"m2f_title_font_line_height\":\"\",\"m2f_title_font_style\":\"\",\"m2f_title_font_weight\":\"\",\"m2f_title_font_transform\":\"\",\"m2f_title_font_spacing\":\"\",\"m2f_title_\":\"\",\"m2f_cat_font_title\":\"Article category tag\",\"m2f_cat_font_settings\":\"\",\"m2f_cat_font_family\":\"\",\"m2f_cat_font_size\":\"\",\"m2f_cat_font_line_height\":\"\",\"m2f_cat_font_style\":\"\",\"m2f_cat_font_weight\":\"\",\"m2f_cat_font_transform\":\"\",\"m2f_cat_font_spacing\":\"\",\"m2f_cat_\":\"\",\"m2f_meta_font_title\":\"Article meta info\",\"m2f_meta_font_settings\":\"\",\"m2f_meta_font_family\":\"\",\"m2f_meta_font_size\":\"\",\"m2f_meta_font_line_height\":\"\",\"m2f_meta_font_style\":\"\",\"m2f_meta_font_weight\":\"\",\"m2f_meta_font_transform\":\"\",\"m2f_meta_font_spacing\":\"\",\"m2f_meta_\":\"\",\"m2f_ex_font_title\":\"Article excerpt\",\"m2f_ex_font_settings\":\"\",\"m2f_ex_font_family\":\"\",\"m2f_ex_font_size\":\"\",\"m2f_ex_font_line_height\":\"\",\"m2f_ex_font_style\":\"\",\"m2f_ex_font_weight\":\"\",\"m2f_ex_font_transform\":\"\",\"m2f_ex_font_spacing\":\"\",\"m2f_ex_\":\"\",\"ajax_pagination_next_prev_swipe\":\"\",\"ajax_pagination_infinite_stop\":\"\",\"css\":\"\",\"tdc_css\":\"\",\"td_column_number\":2,\"color_preset\":\"\",\"border_top\":\"\",\"class\":\"tdi_10\",\"tdc_css_class\":\"tdi_10\",\"tdc_css_class_style\":\"tdi_10_rand_style\"}';\nblock_tdi_10.td_column_number = \"2\";\nblock_tdi_10.block_type = \"td_block_4\";\nblock_tdi_10.post_count = \"30\";\nblock_tdi_10.found_posts = \"4646\";\nblock_tdi_10.header_color = \"#e58200\";\nblock_tdi_10.ajax_pagination_infinite_stop = \"\";\nblock_tdi_10.max_num_pages = \"155\";\ntdBlocksArray.push(block_tdi_10);\n<\/script><div class=\"td-block-title-wrap\"><\/div><div id=tdi_10 class=\"td_block_inner\">\n\n\t<div class=\"td-block-row\">\n\n\t<div class=\"td-block-span6\">\n\r\n        <div class=\"td_module_2 td_module_wrap td-animation-stack\">\r\n            <div class=\"td-module-image\">\r\n                <div class=\"td-module-thumb\"><a href=\"https:\/\/radiobitacora.com.ar\/web\/2026\/04\/25\/capacitacion-en-manipulacion-de-alimentos-2\/\"  rel=\"bookmark\" class=\"td-image-wrap \" title=\"CAPACITACI\u00d3N EN MANIPULACI\u00d3N DE ALIMENTOS\" ><img loading=\"lazy\" decoding=\"async\" width=\"324\" height=\"160\" class=\"entry-thumb\" src=\"https:\/\/radiobitacora.com.ar\/web\/wp-content\/uploads\/2026\/04\/Manipulacion-de-alimentos-curso-de-Bromatologia-2-324x160.jpg\"  srcset=\"https:\/\/radiobitacora.com.ar\/web\/wp-content\/uploads\/2026\/04\/Manipulacion-de-alimentos-curso-de-Bromatologia-2-324x160.jpg 324w, https:\/\/radiobitacora.com.ar\/web\/wp-content\/uploads\/2026\/04\/Manipulacion-de-alimentos-curso-de-Bromatologia-2-533x261.jpg 533w\" sizes=\"auto, (max-width: 324px) 100vw, 324px\"  alt=\"\" title=\"CAPACITACI\u00d3N EN MANIPULACI\u00d3N DE ALIMENTOS\" \/><\/a><\/div>                <a href=\"https:\/\/radiobitacora.com.ar\/web\/category\/locales\/\" class=\"td-post-category\" >LOCALES<\/a>            <\/div>\r\n            <h3 class=\"entry-title td-module-title\"><a href=\"https:\/\/radiobitacora.com.ar\/web\/2026\/04\/25\/capacitacion-en-manipulacion-de-alimentos-2\/\"  rel=\"bookmark\" title=\"CAPACITACI\u00d3N EN MANIPULACI\u00d3N DE ALIMENTOS\">CAPACITACI\u00d3N EN MANIPULACI\u00d3N DE ALIMENTOS<\/a><\/h3>\r\n\r\n            <div class=\"td-module-meta-info\">\r\n                                <span class=\"td-post-date\"><time class=\"entry-date updated td-module-date\" datetime=\"2026-04-25T21:11:47-03:00\" >25 abril, 2026<\/time><\/span>                            <\/div>\r\n\r\n\r\n            <div class=\"td-excerpt\">\r\n                \r\nMensualmente, la Direcci\u00f3n de Bromatolog\u00eda ofrece este espacio de formaci\u00f3n a aquellos que desarrollan su actividad principalmente en el sector gastron\u00f3mico y supermercados, las...            <\/div>\r\n\r\n            \r\n        <\/div>\r\n\r\n        \n\t<\/div> <!-- .\/td-block-span6 -->\n\n\t<div class=\"td-block-span6\">\n\r\n        <div class=\"td_module_2 td_module_wrap td-animation-stack\">\r\n            <div class=\"td-module-image\">\r\n                <div class=\"td-module-thumb\"><a href=\"https:\/\/radiobitacora.com.ar\/web\/2026\/04\/25\/patrimonio-recuperado-el-nuevo-paseo-cultural-que-busca-reconectar-a-goya-con-su-historia\/\"  rel=\"bookmark\" class=\"td-image-wrap \" title=\"PATRIMONIO RECUPERADO: EL NUEVO PASEO CULTURAL QUE BUSCA RECONECTAR A GOYA CON SU HISTORIA\" ><img loading=\"lazy\" decoding=\"async\" width=\"324\" height=\"160\" class=\"entry-thumb\" src=\"https:\/\/radiobitacora.com.ar\/web\/wp-content\/uploads\/2026\/04\/Luisina-Leyes-patrimonio-recuperado-3-324x160.jpeg\"  srcset=\"https:\/\/radiobitacora.com.ar\/web\/wp-content\/uploads\/2026\/04\/Luisina-Leyes-patrimonio-recuperado-3-324x160.jpeg 324w, https:\/\/radiobitacora.com.ar\/web\/wp-content\/uploads\/2026\/04\/Luisina-Leyes-patrimonio-recuperado-3-533x261.jpeg 533w\" sizes=\"auto, (max-width: 324px) 100vw, 324px\"  alt=\"\" title=\"PATRIMONIO RECUPERADO: EL NUEVO PASEO CULTURAL QUE BUSCA RECONECTAR A GOYA CON SU HISTORIA\" \/><\/a><\/div>                <a href=\"https:\/\/radiobitacora.com.ar\/web\/category\/locales\/\" class=\"td-post-category\" >LOCALES<\/a>            <\/div>\r\n            <h3 class=\"entry-title td-module-title\"><a href=\"https:\/\/radiobitacora.com.ar\/web\/2026\/04\/25\/patrimonio-recuperado-el-nuevo-paseo-cultural-que-busca-reconectar-a-goya-con-su-historia\/\"  rel=\"bookmark\" title=\"PATRIMONIO RECUPERADO: EL NUEVO PASEO CULTURAL QUE BUSCA RECONECTAR A GOYA CON SU HISTORIA\">PATRIMONIO RECUPERADO: EL NUEVO PASEO CULTURAL QUE BUSCA RECONECTAR A GOYA...<\/a><\/h3>\r\n\r\n            <div class=\"td-module-meta-info\">\r\n                                <span class=\"td-post-date\"><time class=\"entry-date updated td-module-date\" datetime=\"2026-04-25T21:10:48-03:00\" >25 abril, 2026<\/time><\/span>                            <\/div>\r\n\r\n\r\n            <div class=\"td-excerpt\">\r\n                \r\nEl lunes 27 a las 18 horas quedar\u00e1 inaugurado el \u201cPaseo Peatonal\u201d.\r\nTras 40 a\u00f1os de espera, el municipio recupera un sector estrat\u00e9gico -muelle de...            <\/div>\r\n\r\n            \r\n        <\/div>\r\n\r\n        \n\t<\/div> <!-- .\/td-block-span6 --><\/div><!--.\/row-fluid-->\n\n\t<div class=\"td-block-row\">\n\n\t<div class=\"td-block-span6\">\n\r\n        <div class=\"td_module_2 td_module_wrap td-animation-stack\">\r\n            <div class=\"td-module-image\">\r\n                <div class=\"td-module-thumb\"><a href=\"https:\/\/radiobitacora.com.ar\/web\/2026\/04\/25\/prefectura-realizara-campana-de-incorporacion-para-el-ciclo-lectivo-2027\/\"  rel=\"bookmark\" class=\"td-image-wrap \" title=\"PREFECTURA REALIZAR\u00c1 CAMPA\u00d1A DE INCORPORACI\u00d3N PARA EL CICLO LECTIVO 2027\" ><img loading=\"lazy\" decoding=\"async\" width=\"324\" height=\"160\" class=\"entry-thumb\" src=\"https:\/\/radiobitacora.com.ar\/web\/wp-content\/uploads\/2026\/04\/prefectura-324x160.jpeg\"  srcset=\"https:\/\/radiobitacora.com.ar\/web\/wp-content\/uploads\/2026\/04\/prefectura-324x160.jpeg 324w, https:\/\/radiobitacora.com.ar\/web\/wp-content\/uploads\/2026\/04\/prefectura-533x261.jpeg 533w\" sizes=\"auto, (max-width: 324px) 100vw, 324px\"  alt=\"\" title=\"PREFECTURA REALIZAR\u00c1 CAMPA\u00d1A DE INCORPORACI\u00d3N PARA EL CICLO LECTIVO 2027\" \/><\/a><\/div>                <a href=\"https:\/\/radiobitacora.com.ar\/web\/category\/locales\/\" class=\"td-post-category\" >LOCALES<\/a>            <\/div>\r\n            <h3 class=\"entry-title td-module-title\"><a href=\"https:\/\/radiobitacora.com.ar\/web\/2026\/04\/25\/prefectura-realizara-campana-de-incorporacion-para-el-ciclo-lectivo-2027\/\"  rel=\"bookmark\" title=\"PREFECTURA REALIZAR\u00c1 CAMPA\u00d1A DE INCORPORACI\u00d3N PARA EL CICLO LECTIVO 2027\">PREFECTURA REALIZAR\u00c1 CAMPA\u00d1A DE INCORPORACI\u00d3N PARA EL CICLO LECTIVO 2027<\/a><\/h3>\r\n\r\n            <div class=\"td-module-meta-info\">\r\n                                <span class=\"td-post-date\"><time class=\"entry-date updated td-module-date\" datetime=\"2026-04-25T21:09:32-03:00\" >25 abril, 2026<\/time><\/span>                            <\/div>\r\n\r\n\r\n            <div class=\"td-excerpt\">\r\n                \r\nLa Prefectura Naval Argentina llevar\u00e1 adelante, del 29 de abril al 2 de mayo, una campa\u00f1a de difusi\u00f3n institucional en la ciudad de Goya,...            <\/div>\r\n\r\n            \r\n        <\/div>\r\n\r\n        \n\t<\/div> <!-- .\/td-block-span6 -->\n\n\t<div class=\"td-block-span6\">\n\r\n        <div class=\"td_module_2 td_module_wrap td-animation-stack\">\r\n            <div class=\"td-module-image\">\r\n                <div class=\"td-module-thumb\"><a href=\"https:\/\/radiobitacora.com.ar\/web\/2026\/04\/25\/alejandra-eliciri-llamo-a-crear-una-mesa-de-la-microrregion-para-desarrollar-la-reserva\/\"  rel=\"bookmark\" class=\"td-image-wrap \" title=\"ALEJANDRA ELICIRI LLAM\u00d3 A CREAR UNA MESA DE LA MICRORREGI\u00d3N PARA DESARROLLAR LA RESERVA\" ><img loading=\"lazy\" decoding=\"async\" width=\"324\" height=\"160\" class=\"entry-thumb\" src=\"https:\/\/radiobitacora.com.ar\/web\/wp-content\/uploads\/2026\/04\/Alejandra-Eliciri-charla-en-48-edicion-FNS-goya-324x160.jpg\"  srcset=\"https:\/\/radiobitacora.com.ar\/web\/wp-content\/uploads\/2026\/04\/Alejandra-Eliciri-charla-en-48-edicion-FNS-goya-324x160.jpg 324w, https:\/\/radiobitacora.com.ar\/web\/wp-content\/uploads\/2026\/04\/Alejandra-Eliciri-charla-en-48-edicion-FNS-goya-533x261.jpg 533w\" sizes=\"auto, (max-width: 324px) 100vw, 324px\"  alt=\"\" title=\"ALEJANDRA ELICIRI LLAM\u00d3 A CREAR UNA MESA DE LA MICRORREGI\u00d3N PARA DESARROLLAR LA RESERVA\" \/><\/a><\/div>                <a href=\"https:\/\/radiobitacora.com.ar\/web\/category\/locales\/\" class=\"td-post-category\" >LOCALES<\/a>            <\/div>\r\n            <h3 class=\"entry-title td-module-title\"><a href=\"https:\/\/radiobitacora.com.ar\/web\/2026\/04\/25\/alejandra-eliciri-llamo-a-crear-una-mesa-de-la-microrregion-para-desarrollar-la-reserva\/\"  rel=\"bookmark\" title=\"ALEJANDRA ELICIRI LLAM\u00d3 A CREAR UNA MESA DE LA MICRORREGI\u00d3N PARA DESARROLLAR LA RESERVA\">ALEJANDRA ELICIRI LLAM\u00d3 A CREAR UNA MESA DE LA MICRORREGI\u00d3N PARA...<\/a><\/h3>\r\n\r\n            <div class=\"td-module-meta-info\">\r\n                                <span class=\"td-post-date\"><time class=\"entry-date updated td-module-date\" datetime=\"2026-04-25T21:08:45-03:00\" >25 abril, 2026<\/time><\/span>                            <\/div>\r\n\r\n\r\n            <div class=\"td-excerpt\">\r\n                \r\nPasado tres a\u00f1os de la aprobaci\u00f3n de la ley que cre\u00f3 la Reserva Isor\u00f3, fruto de una construcci\u00f3n colectiva con distintos sectores de la...            <\/div>\r\n\r\n            \r\n        <\/div>\r\n\r\n        \n\t<\/div> <!-- .\/td-block-span6 --><\/div><!--.\/row-fluid-->\n\n\t<div class=\"td-block-row\">\n\n\t<div class=\"td-block-span6\">\n\r\n        <div class=\"td_module_2 td_module_wrap td-animation-stack\">\r\n            <div class=\"td-module-image\">\r\n                <div class=\"td-module-thumb\"><a href=\"https:\/\/radiobitacora.com.ar\/web\/2026\/04\/25\/ven-a-bailar-humildad-familia-y-el-esperado-regreso-al-escenario-mayor-de-la-fns-2026\/\"  rel=\"bookmark\" class=\"td-image-wrap \" title=\"\u201cVEN A BAILAR\u201d: HUMILDAD, FAMILIA Y EL ESPERADO REGRESO AL ESCENARIO MAYOR DE LA FNS 2026\" ><img loading=\"lazy\" decoding=\"async\" width=\"324\" height=\"160\" class=\"entry-thumb\" src=\"https:\/\/radiobitacora.com.ar\/web\/wp-content\/uploads\/2026\/04\/Ven-a-bailar-324x160.png\"  srcset=\"https:\/\/radiobitacora.com.ar\/web\/wp-content\/uploads\/2026\/04\/Ven-a-bailar-324x160.png 324w, https:\/\/radiobitacora.com.ar\/web\/wp-content\/uploads\/2026\/04\/Ven-a-bailar-533x261.png 533w\" sizes=\"auto, (max-width: 324px) 100vw, 324px\"  alt=\"\" title=\"\u201cVEN A BAILAR\u201d: HUMILDAD, FAMILIA Y EL ESPERADO REGRESO AL ESCENARIO MAYOR DE LA FNS 2026\" \/><\/a><\/div>                <a href=\"https:\/\/radiobitacora.com.ar\/web\/category\/locales\/\" class=\"td-post-category\" >LOCALES<\/a>            <\/div>\r\n            <h3 class=\"entry-title td-module-title\"><a href=\"https:\/\/radiobitacora.com.ar\/web\/2026\/04\/25\/ven-a-bailar-humildad-familia-y-el-esperado-regreso-al-escenario-mayor-de-la-fns-2026\/\"  rel=\"bookmark\" title=\"\u201cVEN A BAILAR\u201d: HUMILDAD, FAMILIA Y EL ESPERADO REGRESO AL ESCENARIO MAYOR DE LA FNS 2026\">\u201cVEN A BAILAR\u201d: HUMILDAD, FAMILIA Y EL ESPERADO REGRESO AL ESCENARIO...<\/a><\/h3>\r\n\r\n            <div class=\"td-module-meta-info\">\r\n                                <span class=\"td-post-date\"><time class=\"entry-date updated td-module-date\" datetime=\"2026-04-25T21:06:51-03:00\" >25 abril, 2026<\/time><\/span>                            <\/div>\r\n\r\n\r\n            <div class=\"td-excerpt\">\r\n                La banda liderada por Arnaldo Daniel \u201cNegrito\u201d Acosta atraviesa un presente intenso con ocho presentaciones en una semana, consolidando siete a\u00f1os de trayectoria en...            <\/div>\r\n\r\n            \r\n        <\/div>\r\n\r\n        \n\t<\/div> <!-- .\/td-block-span6 -->\n\n\t<div class=\"td-block-span6\">\n\r\n        <div class=\"td_module_2 td_module_wrap td-animation-stack\">\r\n            <div class=\"td-module-image\">\r\n                <div class=\"td-module-thumb\"><a href=\"https:\/\/radiobitacora.com.ar\/web\/2026\/04\/25\/a-sala-llena-se-presento-la-creacion-del-maestro-carlos-schwaderer\/\"  rel=\"bookmark\" class=\"td-image-wrap \" title=\"A SALA LLENA SE PRESENT\u00d3 LA CREACI\u00d3N DEL MAESTRO CARLOS SCHWADERER\" ><img loading=\"lazy\" decoding=\"async\" width=\"324\" height=\"160\" class=\"entry-thumb\" src=\"https:\/\/radiobitacora.com.ar\/web\/wp-content\/uploads\/2026\/04\/duende-sobreruro-entrega-disposicion-y-obsequio-3-324x160.jpg\"  srcset=\"https:\/\/radiobitacora.com.ar\/web\/wp-content\/uploads\/2026\/04\/duende-sobreruro-entrega-disposicion-y-obsequio-3-324x160.jpg 324w, https:\/\/radiobitacora.com.ar\/web\/wp-content\/uploads\/2026\/04\/duende-sobreruro-entrega-disposicion-y-obsequio-3-533x261.jpg 533w\" sizes=\"auto, (max-width: 324px) 100vw, 324px\"  alt=\"\" title=\"A SALA LLENA SE PRESENT\u00d3 LA CREACI\u00d3N DEL MAESTRO CARLOS SCHWADERER\" \/><\/a><\/div>                <a href=\"https:\/\/radiobitacora.com.ar\/web\/category\/locales\/\" class=\"td-post-category\" >LOCALES<\/a>            <\/div>\r\n            <h3 class=\"entry-title td-module-title\"><a href=\"https:\/\/radiobitacora.com.ar\/web\/2026\/04\/25\/a-sala-llena-se-presento-la-creacion-del-maestro-carlos-schwaderer\/\"  rel=\"bookmark\" title=\"A SALA LLENA SE PRESENT\u00d3 LA CREACI\u00d3N DEL MAESTRO CARLOS SCHWADERER\">A SALA LLENA SE PRESENT\u00d3 LA CREACI\u00d3N DEL MAESTRO CARLOS SCHWADERER<\/a><\/h3>\r\n\r\n            <div class=\"td-module-meta-info\">\r\n                                <span class=\"td-post-date\"><time class=\"entry-date updated td-module-date\" datetime=\"2026-04-25T21:04:47-03:00\" >25 abril, 2026<\/time><\/span>                            <\/div>\r\n\r\n\r\n            <div class=\"td-excerpt\">\r\n                \r\nEl coordinador de Asuntos Culturales de la Municipalidad de Goya hizo entrega de la disposici\u00f3n por la cual se declar\u00f3 de \u201cInter\u00e9s Cultural\u201d la...            <\/div>\r\n\r\n            \r\n        <\/div>\r\n\r\n        \n\t<\/div> <!-- .\/td-block-span6 --><\/div><!--.\/row-fluid-->\n\n\t<div class=\"td-block-row\">\n\n\t<div class=\"td-block-span6\">\n\r\n        <div class=\"td_module_2 td_module_wrap td-animation-stack\">\r\n            <div class=\"td-module-image\">\r\n                <div class=\"td-module-thumb\"><a href=\"https:\/\/radiobitacora.com.ar\/web\/2026\/04\/25\/colegio-polimodal-sagrado-corazon-de-jesus-implementa-estrictos-protocolos-de-seguridad-ante-amenazas\/\"  rel=\"bookmark\" class=\"td-image-wrap \" title=\"COLEGIO POLIMODAL SAGRADO CORAZ\u00d3N DE JES\u00daS IMPLEMENTA ESTRICTOS PROTOCOLOS DE SEGURIDAD ANTE AMENAZAS\" ><img loading=\"lazy\" decoding=\"async\" width=\"324\" height=\"160\" class=\"entry-thumb\" src=\"https:\/\/radiobitacora.com.ar\/web\/wp-content\/uploads\/2026\/04\/colegio-sagrado-corazon-324x160.jpeg\"  srcset=\"https:\/\/radiobitacora.com.ar\/web\/wp-content\/uploads\/2026\/04\/colegio-sagrado-corazon-324x160.jpeg 324w, https:\/\/radiobitacora.com.ar\/web\/wp-content\/uploads\/2026\/04\/colegio-sagrado-corazon-533x261.jpeg 533w\" sizes=\"auto, (max-width: 324px) 100vw, 324px\"  alt=\"\" title=\"COLEGIO POLIMODAL SAGRADO CORAZ\u00d3N DE JES\u00daS IMPLEMENTA ESTRICTOS PROTOCOLOS DE SEGURIDAD ANTE AMENAZAS\" \/><\/a><\/div>                <a href=\"https:\/\/radiobitacora.com.ar\/web\/category\/locales\/\" class=\"td-post-category\" >LOCALES<\/a>            <\/div>\r\n            <h3 class=\"entry-title td-module-title\"><a href=\"https:\/\/radiobitacora.com.ar\/web\/2026\/04\/25\/colegio-polimodal-sagrado-corazon-de-jesus-implementa-estrictos-protocolos-de-seguridad-ante-amenazas\/\"  rel=\"bookmark\" title=\"COLEGIO POLIMODAL SAGRADO CORAZ\u00d3N DE JES\u00daS IMPLEMENTA ESTRICTOS PROTOCOLOS DE SEGURIDAD ANTE AMENAZAS\">COLEGIO POLIMODAL SAGRADO CORAZ\u00d3N DE JES\u00daS IMPLEMENTA ESTRICTOS PROTOCOLOS DE SEGURIDAD...<\/a><\/h3>\r\n\r\n            <div class=\"td-module-meta-info\">\r\n                                <span class=\"td-post-date\"><time class=\"entry-date updated td-module-date\" datetime=\"2026-04-25T21:02:27-03:00\" >25 abril, 2026<\/time><\/span>                            <\/div>\r\n\r\n\r\n            <div class=\"td-excerpt\">\r\n                Tras la aparici\u00f3n de mensajes intimidatorios en los ba\u00f1os, la instituci\u00f3n dispuso el uso de mochilas transparentes y la restricci\u00f3n de tel\u00e9fonos celulares para...            <\/div>\r\n\r\n            \r\n        <\/div>\r\n\r\n        \n\t<\/div> <!-- .\/td-block-span6 -->\n\n\t<div class=\"td-block-span6\">\n\r\n        <div class=\"td_module_2 td_module_wrap td-animation-stack\">\r\n            <div class=\"td-module-image\">\r\n                <div class=\"td-module-thumb\"><a href=\"https:\/\/radiobitacora.com.ar\/web\/2026\/04\/25\/homenaje-a-rodolfo-insaurralde-con-una-muestra-en-casa-de-la-cultura\/\"  rel=\"bookmark\" class=\"td-image-wrap \" title=\"HOMENAJE A RODOLFO INSAURRALDE CON UNA MUESTRA EN CASA DE LA CULTURA\" ><img loading=\"lazy\" decoding=\"async\" width=\"324\" height=\"160\" class=\"entry-thumb\" src=\"https:\/\/radiobitacora.com.ar\/web\/wp-content\/uploads\/2026\/04\/insaurralde-324x160.jpeg\"  srcset=\"https:\/\/radiobitacora.com.ar\/web\/wp-content\/uploads\/2026\/04\/insaurralde-324x160.jpeg 324w, https:\/\/radiobitacora.com.ar\/web\/wp-content\/uploads\/2026\/04\/insaurralde-533x261.jpeg 533w\" sizes=\"auto, (max-width: 324px) 100vw, 324px\"  alt=\"\" title=\"HOMENAJE A RODOLFO INSAURRALDE CON UNA MUESTRA EN CASA DE LA CULTURA\" \/><\/a><\/div>                <a href=\"https:\/\/radiobitacora.com.ar\/web\/category\/locales\/\" class=\"td-post-category\" >LOCALES<\/a>            <\/div>\r\n            <h3 class=\"entry-title td-module-title\"><a href=\"https:\/\/radiobitacora.com.ar\/web\/2026\/04\/25\/homenaje-a-rodolfo-insaurralde-con-una-muestra-en-casa-de-la-cultura\/\"  rel=\"bookmark\" title=\"HOMENAJE A RODOLFO INSAURRALDE CON UNA MUESTRA EN CASA DE LA CULTURA\">HOMENAJE A RODOLFO INSAURRALDE CON UNA MUESTRA EN CASA DE LA...<\/a><\/h3>\r\n\r\n            <div class=\"td-module-meta-info\">\r\n                                <span class=\"td-post-date\"><time class=\"entry-date updated td-module-date\" datetime=\"2026-04-25T21:01:10-03:00\" >25 abril, 2026<\/time><\/span>                            <\/div>\r\n\r\n\r\n            <div class=\"td-excerpt\">\r\n                La Municipalidad de Goya, a trav\u00e9s de la Direcci\u00f3n de Cultura en conjunto con los compa\u00f1eros de promoci\u00f3n del \u00b481 de la Escuela Nacional...            <\/div>\r\n\r\n            \r\n        <\/div>\r\n\r\n        \n\t<\/div> <!-- .\/td-block-span6 --><\/div><!--.\/row-fluid-->\n\n\t<div class=\"td-block-row\">\n\n\t<div class=\"td-block-span6\">\n\r\n        <div class=\"td_module_2 td_module_wrap td-animation-stack\">\r\n            <div class=\"td-module-image\">\r\n                <div class=\"td-module-thumb\"><a href=\"https:\/\/radiobitacora.com.ar\/web\/2026\/04\/25\/actividades-ludicas-y-educativas-para-escolares-en-costa-surubi\/\"  rel=\"bookmark\" class=\"td-image-wrap \" title=\"ACTIVIDADES L\u00daDICAS Y EDUCATIVAS PARA ESCOLARES EN COSTA SURUB\u00cd\" ><img loading=\"lazy\" decoding=\"async\" width=\"324\" height=\"160\" class=\"entry-thumb\" src=\"https:\/\/radiobitacora.com.ar\/web\/wp-content\/uploads\/2026\/04\/Transito-en-Expo-Goya-FNS-Ilustracion-324x160.jpg\"  srcset=\"https:\/\/radiobitacora.com.ar\/web\/wp-content\/uploads\/2026\/04\/Transito-en-Expo-Goya-FNS-Ilustracion-324x160.jpg 324w, https:\/\/radiobitacora.com.ar\/web\/wp-content\/uploads\/2026\/04\/Transito-en-Expo-Goya-FNS-Ilustracion-533x261.jpg 533w\" sizes=\"auto, (max-width: 324px) 100vw, 324px\"  alt=\"\" title=\"ACTIVIDADES L\u00daDICAS Y EDUCATIVAS PARA ESCOLARES EN COSTA SURUB\u00cd\" \/><\/a><\/div>                <a href=\"https:\/\/radiobitacora.com.ar\/web\/category\/bitacora-tv\/\" class=\"td-post-category\" >NOTAS BIT\u00c1CORA STREAMING<\/a>            <\/div>\r\n            <h3 class=\"entry-title td-module-title\"><a href=\"https:\/\/radiobitacora.com.ar\/web\/2026\/04\/25\/actividades-ludicas-y-educativas-para-escolares-en-costa-surubi\/\"  rel=\"bookmark\" title=\"ACTIVIDADES L\u00daDICAS Y EDUCATIVAS PARA ESCOLARES EN COSTA SURUB\u00cd\">ACTIVIDADES L\u00daDICAS Y EDUCATIVAS PARA ESCOLARES EN COSTA SURUB\u00cd<\/a><\/h3>\r\n\r\n            <div class=\"td-module-meta-info\">\r\n                                <span class=\"td-post-date\"><time class=\"entry-date updated td-module-date\" datetime=\"2026-04-25T20:59:43-03:00\" >25 abril, 2026<\/time><\/span>                            <\/div>\r\n\r\n\r\n            <div class=\"td-excerpt\">\r\n                El director de Tr\u00e1nsito de Goya Alejandro Stortti anunci\u00f3 actividades educativas y l\u00fadicas para la pr\u00f3xima edici\u00f3n de la Fiesta Nacional del Surub\u00ed 2026,...            <\/div>\r\n\r\n            \r\n        <\/div>\r\n\r\n        \n\t<\/div> <!-- .\/td-block-span6 -->\n\n\t<div class=\"td-block-span6\">\n\r\n        <div class=\"td_module_2 td_module_wrap td-animation-stack\">\r\n            <div class=\"td-module-image\">\r\n                <div class=\"td-module-thumb\"><a href=\"https:\/\/radiobitacora.com.ar\/web\/2026\/04\/25\/voces-callejeras-martin-ramirez-y-andres-cavalieri-palpitan-el-mundial-de-pesca-del-surubi\/\"  rel=\"bookmark\" class=\"td-image-wrap \" title=\"VOCES CALLEJERAS: MART\u00cdN RAM\u00cdREZ Y ANDR\u00c9S CAVALIERI PALPITAN EL MUNDIAL DE PESCA DEL SURUB\u00cd\" ><img loading=\"lazy\" decoding=\"async\" width=\"324\" height=\"160\" class=\"entry-thumb\" src=\"https:\/\/radiobitacora.com.ar\/web\/wp-content\/uploads\/2026\/04\/WhatsApp-Image-2026-04-25-at-2.00.50-PM-324x160.jpeg\"  srcset=\"https:\/\/radiobitacora.com.ar\/web\/wp-content\/uploads\/2026\/04\/WhatsApp-Image-2026-04-25-at-2.00.50-PM-324x160.jpeg 324w, https:\/\/radiobitacora.com.ar\/web\/wp-content\/uploads\/2026\/04\/WhatsApp-Image-2026-04-25-at-2.00.50-PM-533x261.jpeg 533w\" sizes=\"auto, (max-width: 324px) 100vw, 324px\"  alt=\"\" title=\"VOCES CALLEJERAS: MART\u00cdN RAM\u00cdREZ Y ANDR\u00c9S CAVALIERI PALPITAN EL MUNDIAL DE PESCA DEL SURUB\u00cd\" \/><\/a><\/div>                <a href=\"https:\/\/radiobitacora.com.ar\/web\/category\/bitacora-tv\/\" class=\"td-post-category\" >NOTAS BIT\u00c1CORA STREAMING<\/a>            <\/div>\r\n            <h3 class=\"entry-title td-module-title\"><a href=\"https:\/\/radiobitacora.com.ar\/web\/2026\/04\/25\/voces-callejeras-martin-ramirez-y-andres-cavalieri-palpitan-el-mundial-de-pesca-del-surubi\/\"  rel=\"bookmark\" title=\"VOCES CALLEJERAS: MART\u00cdN RAM\u00cdREZ Y ANDR\u00c9S CAVALIERI PALPITAN EL MUNDIAL DE PESCA DEL SURUB\u00cd\">VOCES CALLEJERAS: MART\u00cdN RAM\u00cdREZ Y ANDR\u00c9S CAVALIERI PALPITAN EL MUNDIAL DE...<\/a><\/h3>\r\n\r\n            <div class=\"td-module-meta-info\">\r\n                                <span class=\"td-post-date\"><time class=\"entry-date updated td-module-date\" datetime=\"2026-04-25T14:06:46-03:00\" >25 abril, 2026<\/time><\/span>                            <\/div>\r\n\r\n\r\n            <div class=\"td-excerpt\">\r\n                En los estudios de Multiplataforma Bit\u00e1cora, durante el programa Voces Callejeras, Mart\u00edn Ram\u00edrez de la Barra Central Goya y Andr\u00e9s Cavalieri, presidente de la...            <\/div>\r\n\r\n            \r\n        <\/div>\r\n\r\n        \n\t<\/div> <!-- .\/td-block-span6 --><\/div><!--.\/row-fluid-->\n\n\t<div class=\"td-block-row\">\n\n\t<div class=\"td-block-span6\">\n\r\n        <div class=\"td_module_2 td_module_wrap td-animation-stack\">\r\n            <div class=\"td-module-image\">\r\n                <div class=\"td-module-thumb\"><a href=\"https:\/\/radiobitacora.com.ar\/web\/2026\/04\/25\/conta-conmigo-luisina-leyes-analizo-la-planificacion-urbana-y-los-desafios-de-goya-hacia-2030\/\"  rel=\"bookmark\" class=\"td-image-wrap \" title=\"CONTA CONMIGO: LUISINA LEYES ANALIZ\u00d3 LA PLANIFICACI\u00d3N URBANA Y LOS DESAF\u00cdOS DE GOYA HACIA 2030\" ><img loading=\"lazy\" decoding=\"async\" width=\"324\" height=\"160\" class=\"entry-thumb\" src=\"https:\/\/radiobitacora.com.ar\/web\/wp-content\/uploads\/2026\/04\/WhatsApp-Image-2026-04-23-at-11.41.38-AM-324x160.jpeg\"  srcset=\"https:\/\/radiobitacora.com.ar\/web\/wp-content\/uploads\/2026\/04\/WhatsApp-Image-2026-04-23-at-11.41.38-AM-324x160.jpeg 324w, https:\/\/radiobitacora.com.ar\/web\/wp-content\/uploads\/2026\/04\/WhatsApp-Image-2026-04-23-at-11.41.38-AM-533x261.jpeg 533w\" sizes=\"auto, (max-width: 324px) 100vw, 324px\"  alt=\"\" title=\"CONTA CONMIGO: LUISINA LEYES ANALIZ\u00d3 LA PLANIFICACI\u00d3N URBANA Y LOS DESAF\u00cdOS DE GOYA HACIA 2030\" \/><\/a><\/div>                <a href=\"https:\/\/radiobitacora.com.ar\/web\/category\/bitacora-tv\/\" class=\"td-post-category\" >NOTAS BIT\u00c1CORA STREAMING<\/a>            <\/div>\r\n            <h3 class=\"entry-title td-module-title\"><a href=\"https:\/\/radiobitacora.com.ar\/web\/2026\/04\/25\/conta-conmigo-luisina-leyes-analizo-la-planificacion-urbana-y-los-desafios-de-goya-hacia-2030\/\"  rel=\"bookmark\" title=\"CONTA CONMIGO: LUISINA LEYES ANALIZ\u00d3 LA PLANIFICACI\u00d3N URBANA Y LOS DESAF\u00cdOS DE GOYA HACIA 2030\">CONTA CONMIGO: LUISINA LEYES ANALIZ\u00d3 LA PLANIFICACI\u00d3N URBANA Y LOS DESAF\u00cdOS...<\/a><\/h3>\r\n\r\n            <div class=\"td-module-meta-info\">\r\n                                <span class=\"td-post-date\"><time class=\"entry-date updated td-module-date\" datetime=\"2026-04-25T13:14:46-03:00\" >25 abril, 2026<\/time><\/span>                            <\/div>\r\n\r\n\r\n            <div class=\"td-excerpt\">\r\n                \r\n\r\n\r\n\r\nEn los estudios de Multiplataformas Bit\u00e1cora, durante el programa Cont\u00e1 Conmigo, que se emite de lunes a viernes de 8 a 10 hs, la...            <\/div>\r\n\r\n            \r\n        <\/div>\r\n\r\n        \n\t<\/div> <!-- .\/td-block-span6 -->\n\n\t<div class=\"td-block-span6\">\n\r\n        <div class=\"td_module_2 td_module_wrap td-animation-stack\">\r\n            <div class=\"td-module-image\">\r\n                <div class=\"td-module-thumb\"><a href=\"https:\/\/radiobitacora.com.ar\/web\/2026\/04\/25\/voces-callejeras-ignacio-lopez-el-cantautor-que-le-pone-musica-al-espiritu-del-surubi\/\"  rel=\"bookmark\" class=\"td-image-wrap \" title=\"VOCES CALLEJERAS: IGNACIO L\u00d3PEZ, EL CANTAUTOR QUE LE PONE M\u00daSICA AL ESP\u00cdRITU DEL SURUB\u00cd\" ><img loading=\"lazy\" decoding=\"async\" width=\"324\" height=\"160\" class=\"entry-thumb\" src=\"https:\/\/radiobitacora.com.ar\/web\/wp-content\/uploads\/2026\/04\/IMG_9262.JPG-324x160.jpeg\"  srcset=\"https:\/\/radiobitacora.com.ar\/web\/wp-content\/uploads\/2026\/04\/IMG_9262.JPG-324x160.jpeg 324w, https:\/\/radiobitacora.com.ar\/web\/wp-content\/uploads\/2026\/04\/IMG_9262.JPG-533x261.jpeg 533w\" sizes=\"auto, (max-width: 324px) 100vw, 324px\"  alt=\"\" title=\"VOCES CALLEJERAS: IGNACIO L\u00d3PEZ, EL CANTAUTOR QUE LE PONE M\u00daSICA AL ESP\u00cdRITU DEL SURUB\u00cd\" \/><\/a><\/div>                <a href=\"https:\/\/radiobitacora.com.ar\/web\/category\/bitacora-tv\/\" class=\"td-post-category\" >NOTAS BIT\u00c1CORA STREAMING<\/a>            <\/div>\r\n            <h3 class=\"entry-title td-module-title\"><a href=\"https:\/\/radiobitacora.com.ar\/web\/2026\/04\/25\/voces-callejeras-ignacio-lopez-el-cantautor-que-le-pone-musica-al-espiritu-del-surubi\/\"  rel=\"bookmark\" title=\"VOCES CALLEJERAS: IGNACIO L\u00d3PEZ, EL CANTAUTOR QUE LE PONE M\u00daSICA AL ESP\u00cdRITU DEL SURUB\u00cd\">VOCES CALLEJERAS: IGNACIO L\u00d3PEZ, EL CANTAUTOR QUE LE PONE M\u00daSICA AL...<\/a><\/h3>\r\n\r\n            <div class=\"td-module-meta-info\">\r\n                                <span class=\"td-post-date\"><time class=\"entry-date updated td-module-date\" datetime=\"2026-04-25T13:06:07-03:00\" >25 abril, 2026<\/time><\/span>                            <\/div>\r\n\r\n\r\n            <div class=\"td-excerpt\">\r\n                \r\n\r\n\r\n\r\n\r\n\r\n\r\nEn los estudios de Multiplataformas Bit\u00e1cora, durante el programa Voces Callejeras, que se emite los martes y jueves de 18 a 20 hs, el...            <\/div>\r\n\r\n            \r\n        <\/div>\r\n\r\n        \n\t<\/div> <!-- .\/td-block-span6 --><\/div><!--.\/row-fluid-->\n\n\t<div class=\"td-block-row\">\n\n\t<div class=\"td-block-span6\">\n\r\n        <div class=\"td_module_2 td_module_wrap td-animation-stack\">\r\n            <div class=\"td-module-image\">\r\n                <div class=\"td-module-thumb\"><a href=\"https:\/\/radiobitacora.com.ar\/web\/2026\/04\/25\/voces-callejeras-moni-gutierrez-compartio-la-historia-y-el-crecimiento-de-ogaraity-aparthotel-en-goya\/\"  rel=\"bookmark\" class=\"td-image-wrap \" title=\"VOCES CALLEJERAS: MONI GUTI\u00c9RREZ COMPARTI\u00d3 LA HISTORIA Y EL CRECIMIENTO DE OGARAITY APARTHOTEL EN GOYA\" ><img loading=\"lazy\" decoding=\"async\" width=\"324\" height=\"160\" class=\"entry-thumb\" src=\"https:\/\/radiobitacora.com.ar\/web\/wp-content\/uploads\/2026\/04\/WhatsApp-Image-2026-04-25-at-12.32.55-AM-2-324x160.jpeg\"  srcset=\"https:\/\/radiobitacora.com.ar\/web\/wp-content\/uploads\/2026\/04\/WhatsApp-Image-2026-04-25-at-12.32.55-AM-2-324x160.jpeg 324w, https:\/\/radiobitacora.com.ar\/web\/wp-content\/uploads\/2026\/04\/WhatsApp-Image-2026-04-25-at-12.32.55-AM-2-533x261.jpeg 533w\" sizes=\"auto, (max-width: 324px) 100vw, 324px\"  alt=\"\" title=\"VOCES CALLEJERAS: MONI GUTI\u00c9RREZ COMPARTI\u00d3 LA HISTORIA Y EL CRECIMIENTO DE OGARAITY APARTHOTEL EN GOYA\" \/><\/a><\/div>                <a href=\"https:\/\/radiobitacora.com.ar\/web\/category\/bitacora-tv\/\" class=\"td-post-category\" >NOTAS BIT\u00c1CORA STREAMING<\/a>            <\/div>\r\n            <h3 class=\"entry-title td-module-title\"><a href=\"https:\/\/radiobitacora.com.ar\/web\/2026\/04\/25\/voces-callejeras-moni-gutierrez-compartio-la-historia-y-el-crecimiento-de-ogaraity-aparthotel-en-goya\/\"  rel=\"bookmark\" title=\"VOCES CALLEJERAS: MONI GUTI\u00c9RREZ COMPARTI\u00d3 LA HISTORIA Y EL CRECIMIENTO DE OGARAITY APARTHOTEL EN GOYA\">VOCES CALLEJERAS: MONI GUTI\u00c9RREZ COMPARTI\u00d3 LA HISTORIA Y EL CRECIMIENTO DE...<\/a><\/h3>\r\n\r\n            <div class=\"td-module-meta-info\">\r\n                                <span class=\"td-post-date\"><time class=\"entry-date updated td-module-date\" datetime=\"2026-04-25T00:50:26-03:00\" >25 abril, 2026<\/time><\/span>                            <\/div>\r\n\r\n\r\n            <div class=\"td-excerpt\">\r\n                \r\n\r\n\r\n\r\n\r\n\r\nEn los estudios de Multiplataformas Bit\u00e1cora, durante el programa Voces Callejeras, se realiz\u00f3 una entrevista a Moni Guti\u00e9rrez, una de las propietarias de Ogarait\u00fd...            <\/div>\r\n\r\n            \r\n        <\/div>\r\n\r\n        \n\t<\/div> <!-- .\/td-block-span6 -->\n\n\t<div class=\"td-block-span6\">\n\r\n        <div class=\"td_module_2 td_module_wrap td-animation-stack\">\r\n            <div class=\"td-module-image\">\r\n                <div class=\"td-module-thumb\"><a href=\"https:\/\/radiobitacora.com.ar\/web\/2026\/04\/25\/voces-callejeras-gaston-fabro-destaca-la-importancia-de-la-vision-de-alto-rendimiento-y-presenta-su-propuesta-en-la-fiesta-del-surubi\/\"  rel=\"bookmark\" class=\"td-image-wrap \" title=\"VOCES CALLEJERAS: GAST\u00d3N FABRO DESTACA LA IMPORTANCIA DE LA VISI\u00d3N DE ALTO RENDIMIENTO Y PRESENTA SU PROPUESTA EN LA FIESTA DEL SURUB\u00cd\" ><img loading=\"lazy\" decoding=\"async\" width=\"324\" height=\"160\" class=\"entry-thumb\" src=\"https:\/\/radiobitacora.com.ar\/web\/wp-content\/uploads\/2026\/04\/WhatsApp-Image-2026-04-25-at-12.14.51-AM-324x160.jpeg\"  srcset=\"https:\/\/radiobitacora.com.ar\/web\/wp-content\/uploads\/2026\/04\/WhatsApp-Image-2026-04-25-at-12.14.51-AM-324x160.jpeg 324w, https:\/\/radiobitacora.com.ar\/web\/wp-content\/uploads\/2026\/04\/WhatsApp-Image-2026-04-25-at-12.14.51-AM-533x261.jpeg 533w\" sizes=\"auto, (max-width: 324px) 100vw, 324px\"  alt=\"\" title=\"VOCES CALLEJERAS: GAST\u00d3N FABRO DESTACA LA IMPORTANCIA DE LA VISI\u00d3N DE ALTO RENDIMIENTO Y PRESENTA SU PROPUESTA EN LA FIESTA DEL SURUB\u00cd\" \/><\/a><\/div>                <a href=\"https:\/\/radiobitacora.com.ar\/web\/category\/bitacora-tv\/\" class=\"td-post-category\" >NOTAS BIT\u00c1CORA STREAMING<\/a>            <\/div>\r\n            <h3 class=\"entry-title td-module-title\"><a href=\"https:\/\/radiobitacora.com.ar\/web\/2026\/04\/25\/voces-callejeras-gaston-fabro-destaca-la-importancia-de-la-vision-de-alto-rendimiento-y-presenta-su-propuesta-en-la-fiesta-del-surubi\/\"  rel=\"bookmark\" title=\"VOCES CALLEJERAS: GAST\u00d3N FABRO DESTACA LA IMPORTANCIA DE LA VISI\u00d3N DE ALTO RENDIMIENTO Y PRESENTA SU PROPUESTA EN LA FIESTA DEL SURUB\u00cd\">VOCES CALLEJERAS: GAST\u00d3N FABRO DESTACA LA IMPORTANCIA DE LA VISI\u00d3N DE...<\/a><\/h3>\r\n\r\n            <div class=\"td-module-meta-info\">\r\n                                <span class=\"td-post-date\"><time class=\"entry-date updated td-module-date\" datetime=\"2026-04-25T00:27:38-03:00\" >25 abril, 2026<\/time><\/span>                            <\/div>\r\n\r\n\r\n            <div class=\"td-excerpt\">\r\n                \r\n\r\n\r\n\r\n\r\n\r\n\r\nEn los estudios de Multiplataformas Bit\u00e1cora, durante el programa Voces Callejeras que se emite todos los martes y jueves de 18 a 20 horas,...            <\/div>\r\n\r\n            \r\n        <\/div>\r\n\r\n        \n\t<\/div> <!-- .\/td-block-span6 --><\/div><!--.\/row-fluid-->\n\n\t<div class=\"td-block-row\">\n\n\t<div class=\"td-block-span6\">\n\r\n        <div class=\"td_module_2 td_module_wrap td-animation-stack\">\r\n            <div class=\"td-module-image\">\r\n                <div class=\"td-module-thumb\"><a href=\"https:\/\/radiobitacora.com.ar\/web\/2026\/04\/24\/atravesando-el-aire-marta-bercy-regresa-a-goya-con-su-propuesta-de-formacion-en-danza\/\"  rel=\"bookmark\" class=\"td-image-wrap \" title=\"ATRAVESANDO EL AIRE: MARTA BERCY REGRESA A GOYA CON SU PROPUESTA DE FORMACI\u00d3N EN DANZA\" ><img loading=\"lazy\" decoding=\"async\" width=\"324\" height=\"160\" class=\"entry-thumb\" src=\"https:\/\/radiobitacora.com.ar\/web\/wp-content\/uploads\/2026\/04\/tapa-rafa-324x160.png\"  srcset=\"https:\/\/radiobitacora.com.ar\/web\/wp-content\/uploads\/2026\/04\/tapa-rafa-324x160.png 324w, https:\/\/radiobitacora.com.ar\/web\/wp-content\/uploads\/2026\/04\/tapa-rafa-533x261.png 533w\" sizes=\"auto, (max-width: 324px) 100vw, 324px\"  alt=\"\" title=\"ATRAVESANDO EL AIRE: MARTA BERCY REGRESA A GOYA CON SU PROPUESTA DE FORMACI\u00d3N EN DANZA\" \/><\/a><\/div>                <a href=\"https:\/\/radiobitacora.com.ar\/web\/category\/bitacora-tv\/\" class=\"td-post-category\" >NOTAS BIT\u00c1CORA STREAMING<\/a>            <\/div>\r\n            <h3 class=\"entry-title td-module-title\"><a href=\"https:\/\/radiobitacora.com.ar\/web\/2026\/04\/24\/atravesando-el-aire-marta-bercy-regresa-a-goya-con-su-propuesta-de-formacion-en-danza\/\"  rel=\"bookmark\" title=\"ATRAVESANDO EL AIRE: MARTA BERCY REGRESA A GOYA CON SU PROPUESTA DE FORMACI\u00d3N EN DANZA\">ATRAVESANDO EL AIRE: MARTA BERCY REGRESA A GOYA CON SU PROPUESTA...<\/a><\/h3>\r\n\r\n            <div class=\"td-module-meta-info\">\r\n                                <span class=\"td-post-date\"><time class=\"entry-date updated td-module-date\" datetime=\"2026-04-24T13:22:32-03:00\" >24 abril, 2026<\/time><\/span>                            <\/div>\r\n\r\n\r\n            <div class=\"td-excerpt\">\r\n                \r\n\r\n\r\n\r\n\r\n\r\n\r\nEn los estudios de Multiplataformas Bit\u00e1cora, durante el programa ATRAVESANDO EL AIRE, la reconocida maestra de danza Marta Bercy dialog\u00f3 telef\u00f3nicamente con la conductora...            <\/div>\r\n\r\n            \r\n        <\/div>\r\n\r\n        \n\t<\/div> <!-- .\/td-block-span6 -->\n\n\t<div class=\"td-block-span6\">\n\r\n        <div class=\"td_module_2 td_module_wrap td-animation-stack\">\r\n            <div class=\"td-module-image\">\r\n                <div class=\"td-module-thumb\"><a href=\"https:\/\/radiobitacora.com.ar\/web\/2026\/04\/24\/atravesando-el-aire-carlos-schwaderer-arte-memoria-y-vocacion-en-una-vida-dedicada-al-teatro\/\"  rel=\"bookmark\" class=\"td-image-wrap \" title=\"ATRAVESANDO EL AIRE: CARLOS SCHWADERER, ARTE, MEMORIA Y VOCACI\u00d3N EN UNA VIDA DEDICADA AL TEATRO\" ><img loading=\"lazy\" decoding=\"async\" width=\"324\" height=\"160\" class=\"entry-thumb\" src=\"https:\/\/radiobitacora.com.ar\/web\/wp-content\/uploads\/2026\/04\/IMG_9257.JPG-e1777044580402-324x160.jpeg\"  srcset=\"https:\/\/radiobitacora.com.ar\/web\/wp-content\/uploads\/2026\/04\/IMG_9257.JPG-e1777044580402-324x160.jpeg 324w, https:\/\/radiobitacora.com.ar\/web\/wp-content\/uploads\/2026\/04\/IMG_9257.JPG-e1777044580402-533x261.jpeg 533w\" sizes=\"auto, (max-width: 324px) 100vw, 324px\"  alt=\"\" title=\"ATRAVESANDO EL AIRE: CARLOS SCHWADERER, ARTE, MEMORIA Y VOCACI\u00d3N EN UNA VIDA DEDICADA AL TEATRO\" \/><\/a><\/div>                <a href=\"https:\/\/radiobitacora.com.ar\/web\/category\/bitacora-tv\/\" class=\"td-post-category\" >NOTAS BIT\u00c1CORA STREAMING<\/a>            <\/div>\r\n            <h3 class=\"entry-title td-module-title\"><a href=\"https:\/\/radiobitacora.com.ar\/web\/2026\/04\/24\/atravesando-el-aire-carlos-schwaderer-arte-memoria-y-vocacion-en-una-vida-dedicada-al-teatro\/\"  rel=\"bookmark\" title=\"ATRAVESANDO EL AIRE: CARLOS SCHWADERER, ARTE, MEMORIA Y VOCACI\u00d3N EN UNA VIDA DEDICADA AL TEATRO\">ATRAVESANDO EL AIRE: CARLOS SCHWADERER, ARTE, MEMORIA Y VOCACI\u00d3N EN UNA...<\/a><\/h3>\r\n\r\n            <div class=\"td-module-meta-info\">\r\n                                <span class=\"td-post-date\"><time class=\"entry-date updated td-module-date\" datetime=\"2026-04-24T12:29:52-03:00\" >24 abril, 2026<\/time><\/span>                            <\/div>\r\n\r\n\r\n            <div class=\"td-excerpt\">\r\n                \r\n\r\n\r\n\r\n\r\n\r\n\r\nEn los estudios de Multiplataformas Bit\u00e1cora, durante el programa ATRAVESANDO EL AIRE, conducido por Carolina Salas Araujo, el reconocido artista y director Carlos Schwaderer...            <\/div>\r\n\r\n            \r\n        <\/div>\r\n\r\n        \n\t<\/div> <!-- .\/td-block-span6 --><\/div><!--.\/row-fluid-->\n\n\t<div class=\"td-block-row\">\n\n\t<div class=\"td-block-span6\">\n\r\n        <div class=\"td_module_2 td_module_wrap td-animation-stack\">\r\n            <div class=\"td-module-image\">\r\n                <div class=\"td-module-thumb\"><a href=\"https:\/\/radiobitacora.com.ar\/web\/2026\/04\/24\/atravesando-el-aire-nande-cuna-mujeres-que-encuentran-en-el-padel-una-tribu-y-una-pasion-compartida\/\"  rel=\"bookmark\" class=\"td-image-wrap \" title=\"ATRAVESANDO EL AIRE: \u00d1AND\u00c9 KU\u00d1A, MUJERES QUE ENCUENTRAN EN EL P\u00c1DEL UNA TRIBU Y UNA PASI\u00d3N COMPARTIDA\" ><img loading=\"lazy\" decoding=\"async\" width=\"324\" height=\"160\" class=\"entry-thumb\" src=\"https:\/\/radiobitacora.com.ar\/web\/wp-content\/uploads\/2026\/04\/IMG_9255.JPG-1-324x160.jpeg\"  srcset=\"https:\/\/radiobitacora.com.ar\/web\/wp-content\/uploads\/2026\/04\/IMG_9255.JPG-1-324x160.jpeg 324w, https:\/\/radiobitacora.com.ar\/web\/wp-content\/uploads\/2026\/04\/IMG_9255.JPG-1-533x261.jpeg 533w\" sizes=\"auto, (max-width: 324px) 100vw, 324px\"  alt=\"\" title=\"ATRAVESANDO EL AIRE: \u00d1AND\u00c9 KU\u00d1A, MUJERES QUE ENCUENTRAN EN EL P\u00c1DEL UNA TRIBU Y UNA PASI\u00d3N COMPARTIDA\" \/><\/a><\/div>                <a href=\"https:\/\/radiobitacora.com.ar\/web\/category\/bitacora-tv\/\" class=\"td-post-category\" >NOTAS BIT\u00c1CORA STREAMING<\/a>            <\/div>\r\n            <h3 class=\"entry-title td-module-title\"><a href=\"https:\/\/radiobitacora.com.ar\/web\/2026\/04\/24\/atravesando-el-aire-nande-cuna-mujeres-que-encuentran-en-el-padel-una-tribu-y-una-pasion-compartida\/\"  rel=\"bookmark\" title=\"ATRAVESANDO EL AIRE: \u00d1AND\u00c9 KU\u00d1A, MUJERES QUE ENCUENTRAN EN EL P\u00c1DEL UNA TRIBU Y UNA PASI\u00d3N COMPARTIDA\">ATRAVESANDO EL AIRE: \u00d1AND\u00c9 KU\u00d1A, MUJERES QUE ENCUENTRAN EN EL P\u00c1DEL...<\/a><\/h3>\r\n\r\n            <div class=\"td-module-meta-info\">\r\n                                <span class=\"td-post-date\"><time class=\"entry-date updated td-module-date\" datetime=\"2026-04-24T12:10:05-03:00\" >24 abril, 2026<\/time><\/span>                            <\/div>\r\n\r\n\r\n            <div class=\"td-excerpt\">\r\n                \r\n\r\n\r\n\r\nEn una emotiva entrevista realizada en el programa Atravensando el Aire de Bit\u00e1cora Multiplataformas, conducido por Carolina Salas Araujo, integrantes del grupo \u00d1and\u00e9 Ku\u00f1a...            <\/div>\r\n\r\n            \r\n        <\/div>\r\n\r\n        \n\t<\/div> <!-- .\/td-block-span6 -->\n\n\t<div class=\"td-block-span6\">\n\r\n        <div class=\"td_module_2 td_module_wrap td-animation-stack\">\r\n            <div class=\"td-module-image\">\r\n                <div class=\"td-module-thumb\"><a href=\"https:\/\/radiobitacora.com.ar\/web\/2026\/04\/23\/consumo-ventas-en-mayoristas-bajaron-07-en-febrero-y-supermercados-mostraron-una-leve-mejora\/\"  rel=\"bookmark\" class=\"td-image-wrap \" title=\"Consumo: ventas en mayoristas bajaron 0,7% en febrero y supermercados mostraron una leve mejora\" ><img loading=\"lazy\" decoding=\"async\" width=\"324\" height=\"160\" class=\"entry-thumb\" src=\"https:\/\/radiobitacora.com.ar\/web\/wp-content\/uploads\/2026\/04\/supermercado-consumo-carne-precios-inflacion-324x160.webp\"  srcset=\"https:\/\/radiobitacora.com.ar\/web\/wp-content\/uploads\/2026\/04\/supermercado-consumo-carne-precios-inflacion-324x160.webp 324w, https:\/\/radiobitacora.com.ar\/web\/wp-content\/uploads\/2026\/04\/supermercado-consumo-carne-precios-inflacion-533x261.webp 533w\" sizes=\"auto, (max-width: 324px) 100vw, 324px\"  alt=\"\" title=\"Consumo: ventas en mayoristas bajaron 0,7% en febrero y supermercados mostraron una leve mejora\" \/><\/a><\/div>                <a href=\"https:\/\/radiobitacora.com.ar\/web\/category\/economia\/\" class=\"td-post-category\" >ECONOMIA<\/a>            <\/div>\r\n            <h3 class=\"entry-title td-module-title\"><a href=\"https:\/\/radiobitacora.com.ar\/web\/2026\/04\/23\/consumo-ventas-en-mayoristas-bajaron-07-en-febrero-y-supermercados-mostraron-una-leve-mejora\/\"  rel=\"bookmark\" title=\"Consumo: ventas en mayoristas bajaron 0,7% en febrero y supermercados mostraron una leve mejora\">Consumo: ventas en mayoristas bajaron 0,7% en febrero y supermercados mostraron...<\/a><\/h3>\r\n\r\n            <div class=\"td-module-meta-info\">\r\n                                <span class=\"td-post-date\"><time class=\"entry-date updated td-module-date\" datetime=\"2026-04-23T18:06:28-03:00\" >23 abril, 2026<\/time><\/span>                            <\/div>\r\n\r\n\r\n            <div class=\"td-excerpt\">\r\n                \r\nEl\u00a0consumo\u00a0sigue mostrando una retracci\u00f3n: las compras en\u00a0mayoristas\u00a0cayeron\u00a00,7%\u00a0y en los\u00a0centros de compras\u00a0vieron bajar sus compras un\u00a01,8%, seg\u00fan inform\u00f3 el\u00a0Instituto Nacional de Estad\u00edstica y Censos (INDEC).\u00a0En...            <\/div>\r\n\r\n            \r\n        <\/div>\r\n\r\n        \n\t<\/div> <!-- .\/td-block-span6 --><\/div><!--.\/row-fluid-->\n\n\t<div class=\"td-block-row\">\n\n\t<div class=\"td-block-span6\">\n\r\n        <div class=\"td_module_2 td_module_wrap td-animation-stack\">\r\n            <div class=\"td-module-image\">\r\n                <div class=\"td-module-thumb\"><a href=\"https:\/\/radiobitacora.com.ar\/web\/2026\/04\/23\/como-aliviar-la-congestion-nasal-en-pocos-minutos-segun-expertos\/\"  rel=\"bookmark\" class=\"td-image-wrap \" title=\"C\u00f3mo aliviar la congesti\u00f3n nasal en pocos minutos, seg\u00fan expertos\" ><img loading=\"lazy\" decoding=\"async\" width=\"324\" height=\"160\" class=\"entry-thumb\" src=\"https:\/\/radiobitacora.com.ar\/web\/wp-content\/uploads\/2026\/04\/ZL2W24EZCRGHPKEBL47N6DU4EE-324x160.jpg\"  srcset=\"https:\/\/radiobitacora.com.ar\/web\/wp-content\/uploads\/2026\/04\/ZL2W24EZCRGHPKEBL47N6DU4EE-324x160.jpg 324w, https:\/\/radiobitacora.com.ar\/web\/wp-content\/uploads\/2026\/04\/ZL2W24EZCRGHPKEBL47N6DU4EE-533x261.jpg 533w\" sizes=\"auto, (max-width: 324px) 100vw, 324px\"  alt=\"\" title=\"C\u00f3mo aliviar la congesti\u00f3n nasal en pocos minutos, seg\u00fan expertos\" \/><\/a><\/div>                <a href=\"https:\/\/radiobitacora.com.ar\/web\/category\/salud\/\" class=\"td-post-category\" >SALUD<\/a>            <\/div>\r\n            <h3 class=\"entry-title td-module-title\"><a href=\"https:\/\/radiobitacora.com.ar\/web\/2026\/04\/23\/como-aliviar-la-congestion-nasal-en-pocos-minutos-segun-expertos\/\"  rel=\"bookmark\" title=\"C\u00f3mo aliviar la congesti\u00f3n nasal en pocos minutos, seg\u00fan expertos\">C\u00f3mo aliviar la congesti\u00f3n nasal en pocos minutos, seg\u00fan expertos<\/a><\/h3>\r\n\r\n            <div class=\"td-module-meta-info\">\r\n                                <span class=\"td-post-date\"><time class=\"entry-date updated td-module-date\" datetime=\"2026-04-23T17:56:20-03:00\" >23 abril, 2026<\/time><\/span>                            <\/div>\r\n\r\n\r\n            <div class=\"td-excerpt\">\r\n                Una\u00a0congesti\u00f3n nasal\u00a0puede dificultar actividades cotidianas y afectar el sue\u00f1o y la concentraci\u00f3n. Existen m\u00e9todos sencillos y respaldados por especialistas para recuperar la respiraci\u00f3n normal,...            <\/div>\r\n\r\n            \r\n        <\/div>\r\n\r\n        \n\t<\/div> <!-- .\/td-block-span6 -->\n\n\t<div class=\"td-block-span6\">\n\r\n        <div class=\"td_module_2 td_module_wrap td-animation-stack\">\r\n            <div class=\"td-module-image\">\r\n                <div class=\"td-module-thumb\"><a href=\"https:\/\/radiobitacora.com.ar\/web\/2026\/04\/23\/a-los-93-anos-luis-de-la-fuente-repasa-su-trayectoria-la-cardiologia-le-ha-dado-a-nuestro-pais-prestigio-internacional\/\"  rel=\"bookmark\" class=\"td-image-wrap \" title=\"A los 93 a\u00f1os, Luis de la Fuente repasa su trayectoria: \u201cLa cardiolog\u00eda le ha dado a nuestro pa\u00eds prestigio internacional\u201d\" ><img loading=\"lazy\" decoding=\"async\" width=\"324\" height=\"160\" class=\"entry-thumb\" src=\"https:\/\/radiobitacora.com.ar\/web\/wp-content\/uploads\/2026\/04\/2N52IK3JCVG45CFDDYLALDIE2E-324x160.jpg\"  srcset=\"https:\/\/radiobitacora.com.ar\/web\/wp-content\/uploads\/2026\/04\/2N52IK3JCVG45CFDDYLALDIE2E-324x160.jpg 324w, https:\/\/radiobitacora.com.ar\/web\/wp-content\/uploads\/2026\/04\/2N52IK3JCVG45CFDDYLALDIE2E-533x261.jpg 533w\" sizes=\"auto, (max-width: 324px) 100vw, 324px\"  alt=\"\" title=\"A los 93 a\u00f1os, Luis de la Fuente repasa su trayectoria: \u201cLa cardiolog\u00eda le ha dado a nuestro pa\u00eds prestigio internacional\u201d\" \/><\/a><\/div>                <a href=\"https:\/\/radiobitacora.com.ar\/web\/category\/salud\/\" class=\"td-post-category\" >SALUD<\/a>            <\/div>\r\n            <h3 class=\"entry-title td-module-title\"><a href=\"https:\/\/radiobitacora.com.ar\/web\/2026\/04\/23\/a-los-93-anos-luis-de-la-fuente-repasa-su-trayectoria-la-cardiologia-le-ha-dado-a-nuestro-pais-prestigio-internacional\/\"  rel=\"bookmark\" title=\"A los 93 a\u00f1os, Luis de la Fuente repasa su trayectoria: \u201cLa cardiolog\u00eda le ha dado a nuestro pa\u00eds prestigio internacional\u201d\">A los 93 a\u00f1os, Luis de la Fuente repasa su trayectoria:...<\/a><\/h3>\r\n\r\n            <div class=\"td-module-meta-info\">\r\n                                <span class=\"td-post-date\"><time class=\"entry-date updated td-module-date\" datetime=\"2026-04-23T17:52:34-03:00\" >23 abril, 2026<\/time><\/span>                            <\/div>\r\n\r\n\r\n            <div class=\"td-excerpt\">\r\n                Cercano a cumplir los 94 a\u00f1os \u2014naci\u00f3 en La Rioja el 29 de julio de 1932\u2014,\u00a0Luis de la Fuente\u00a0no abandona la profesi\u00f3n: investiga y...            <\/div>\r\n\r\n            \r\n        <\/div>\r\n\r\n        \n\t<\/div> <!-- .\/td-block-span6 --><\/div><!--.\/row-fluid-->\n\n\t<div class=\"td-block-row\">\n\n\t<div class=\"td-block-span6\">\n\r\n        <div class=\"td_module_2 td_module_wrap td-animation-stack\">\r\n            <div class=\"td-module-image\">\r\n                <div class=\"td-module-thumb\"><a href=\"https:\/\/radiobitacora.com.ar\/web\/2026\/04\/23\/estudios-advierten-que-la-presencia-de-microplasticos-en-agua-dulce-representa-un-riesgo-para-la-cadena-alimentaria-mundial\/\"  rel=\"bookmark\" class=\"td-image-wrap \" title=\"Estudios advierten que la presencia de micropl\u00e1sticos en agua dulce representa un riesgo para la cadena alimentaria mundial\" ><img loading=\"lazy\" decoding=\"async\" width=\"324\" height=\"160\" class=\"entry-thumb\" src=\"https:\/\/radiobitacora.com.ar\/web\/wp-content\/uploads\/2026\/04\/ZKDHGPYANNAY5GWTPJIC4P5UC4-324x160.jpg\"  srcset=\"https:\/\/radiobitacora.com.ar\/web\/wp-content\/uploads\/2026\/04\/ZKDHGPYANNAY5GWTPJIC4P5UC4-324x160.jpg 324w, https:\/\/radiobitacora.com.ar\/web\/wp-content\/uploads\/2026\/04\/ZKDHGPYANNAY5GWTPJIC4P5UC4-533x261.jpg 533w\" sizes=\"auto, (max-width: 324px) 100vw, 324px\"  alt=\"\" title=\"Estudios advierten que la presencia de micropl\u00e1sticos en agua dulce representa un riesgo para la cadena alimentaria mundial\" \/><\/a><\/div>                <a href=\"https:\/\/radiobitacora.com.ar\/web\/category\/ecologia\/\" class=\"td-post-category\" >ECOLOGIA<\/a>            <\/div>\r\n            <h3 class=\"entry-title td-module-title\"><a href=\"https:\/\/radiobitacora.com.ar\/web\/2026\/04\/23\/estudios-advierten-que-la-presencia-de-microplasticos-en-agua-dulce-representa-un-riesgo-para-la-cadena-alimentaria-mundial\/\"  rel=\"bookmark\" title=\"Estudios advierten que la presencia de micropl\u00e1sticos en agua dulce representa un riesgo para la cadena alimentaria mundial\">Estudios advierten que la presencia de micropl\u00e1sticos en agua dulce representa...<\/a><\/h3>\r\n\r\n            <div class=\"td-module-meta-info\">\r\n                                <span class=\"td-post-date\"><time class=\"entry-date updated td-module-date\" datetime=\"2026-04-23T17:46:10-03:00\" >23 abril, 2026<\/time><\/span>                            <\/div>\r\n\r\n\r\n            <div class=\"td-excerpt\">\r\n                La\u00a0contaminaci\u00f3n\u00a0por micropl\u00e1sticos\u00a0afecta a especies de agua dulce en diferentes regiones del planeta, seg\u00fan recientes\u00a0investigaciones. Organismos como peces, moluscos y peque\u00f1os crust\u00e1ceos sufren consecuencias directas...            <\/div>\r\n\r\n            \r\n        <\/div>\r\n\r\n        \n\t<\/div> <!-- .\/td-block-span6 -->\n\n\t<div class=\"td-block-span6\">\n\r\n        <div class=\"td_module_2 td_module_wrap td-animation-stack\">\r\n            <div class=\"td-module-image\">\r\n                <div class=\"td-module-thumb\"><a href=\"https:\/\/radiobitacora.com.ar\/web\/2026\/04\/23\/el-gobierno-prohibio-el-ingreso-de-los-periodistas-acreditados-a-la-casa-rosada\/\"  rel=\"bookmark\" class=\"td-image-wrap \" title=\"El Gobierno prohibi\u00f3 el ingreso de los periodistas acreditados a la Casa Rosada\" ><img loading=\"lazy\" decoding=\"async\" width=\"324\" height=\"160\" class=\"entry-thumb\" src=\"https:\/\/radiobitacora.com.ar\/web\/wp-content\/uploads\/2026\/04\/F2K6GIMOP5GLLG7FHOHWLIU4SE-324x160.jpg\"  srcset=\"https:\/\/radiobitacora.com.ar\/web\/wp-content\/uploads\/2026\/04\/F2K6GIMOP5GLLG7FHOHWLIU4SE-324x160.jpg 324w, https:\/\/radiobitacora.com.ar\/web\/wp-content\/uploads\/2026\/04\/F2K6GIMOP5GLLG7FHOHWLIU4SE-533x261.jpg 533w\" sizes=\"auto, (max-width: 324px) 100vw, 324px\"  alt=\"\" title=\"El Gobierno prohibi\u00f3 el ingreso de los periodistas acreditados a la Casa Rosada\" \/><\/a><\/div>                <a href=\"https:\/\/radiobitacora.com.ar\/web\/category\/politica\/\" class=\"td-post-category\" >POLITICA<\/a>            <\/div>\r\n            <h3 class=\"entry-title td-module-title\"><a href=\"https:\/\/radiobitacora.com.ar\/web\/2026\/04\/23\/el-gobierno-prohibio-el-ingreso-de-los-periodistas-acreditados-a-la-casa-rosada\/\"  rel=\"bookmark\" title=\"El Gobierno prohibi\u00f3 el ingreso de los periodistas acreditados a la Casa Rosada\">El Gobierno prohibi\u00f3 el ingreso de los periodistas acreditados a la...<\/a><\/h3>\r\n\r\n            <div class=\"td-module-meta-info\">\r\n                                <span class=\"td-post-date\"><time class=\"entry-date updated td-module-date\" datetime=\"2026-04-23T17:40:00-03:00\" >23 abril, 2026<\/time><\/span>                            <\/div>\r\n\r\n\r\n            <div class=\"td-excerpt\">\r\n                El Gobierno prohibi\u00f3 este jueves el ingreso a la Casa Rosada a todos los periodistas acreditados. La medida se conoci\u00f3 esta ma\u00f1ana luego de...            <\/div>\r\n\r\n            \r\n        <\/div>\r\n\r\n        \n\t<\/div> <!-- .\/td-block-span6 --><\/div><!--.\/row-fluid-->\n\n\t<div class=\"td-block-row\">\n\n\t<div class=\"td-block-span6\">\n\r\n        <div class=\"td_module_2 td_module_wrap td-animation-stack\">\r\n            <div class=\"td-module-image\">\r\n                <div class=\"td-module-thumb\"><a href=\"https:\/\/radiobitacora.com.ar\/web\/2026\/04\/23\/vuelve-a-regir-la-reforma-laboral-por-decision-judicial-que-cambia-en-vacaciones-indemnizaciones-y-banco-de-horas\/\"  rel=\"bookmark\" class=\"td-image-wrap \" title=\"Vuelve a regir la reforma laboral por decisi\u00f3n judicial: qu\u00e9 cambia en vacaciones, indemnizaciones y banco de horas\" ><img loading=\"lazy\" decoding=\"async\" width=\"324\" height=\"160\" class=\"entry-thumb\" src=\"https:\/\/radiobitacora.com.ar\/web\/wp-content\/uploads\/2026\/04\/IXK4PMXHZNFGDN74R42F647A7I-324x160.jpg\"  srcset=\"https:\/\/radiobitacora.com.ar\/web\/wp-content\/uploads\/2026\/04\/IXK4PMXHZNFGDN74R42F647A7I-324x160.jpg 324w, https:\/\/radiobitacora.com.ar\/web\/wp-content\/uploads\/2026\/04\/IXK4PMXHZNFGDN74R42F647A7I-533x261.jpg 533w\" sizes=\"auto, (max-width: 324px) 100vw, 324px\"  alt=\"\" title=\"Vuelve a regir la reforma laboral por decisi\u00f3n judicial: qu\u00e9 cambia en vacaciones, indemnizaciones y banco de horas\" \/><\/a><\/div>                <a href=\"https:\/\/radiobitacora.com.ar\/web\/category\/politica\/\" class=\"td-post-category\" >POLITICA<\/a>            <\/div>\r\n            <h3 class=\"entry-title td-module-title\"><a href=\"https:\/\/radiobitacora.com.ar\/web\/2026\/04\/23\/vuelve-a-regir-la-reforma-laboral-por-decision-judicial-que-cambia-en-vacaciones-indemnizaciones-y-banco-de-horas\/\"  rel=\"bookmark\" title=\"Vuelve a regir la reforma laboral por decisi\u00f3n judicial: qu\u00e9 cambia en vacaciones, indemnizaciones y banco de horas\">Vuelve a regir la reforma laboral por decisi\u00f3n judicial: qu\u00e9 cambia...<\/a><\/h3>\r\n\r\n            <div class=\"td-module-meta-info\">\r\n                                <span class=\"td-post-date\"><time class=\"entry-date updated td-module-date\" datetime=\"2026-04-23T16:52:57-03:00\" >23 abril, 2026<\/time><\/span>                            <\/div>\r\n\r\n\r\n            <div class=\"td-excerpt\">\r\n                La C\u00e1mara Nacional de Apelaciones del Trabajo dej\u00f3 sin efecto la medida cautelar interpuesta por la CGT que hab\u00eda suspendido la aplicaci\u00f3n de m\u00e1s...            <\/div>\r\n\r\n            \r\n        <\/div>\r\n\r\n        \n\t<\/div> <!-- .\/td-block-span6 -->\n\n\t<div class=\"td-block-span6\">\n\r\n        <div class=\"td_module_2 td_module_wrap td-animation-stack\">\r\n            <div class=\"td-module-image\">\r\n                <div class=\"td-module-thumb\"><a href=\"https:\/\/radiobitacora.com.ar\/web\/2026\/04\/23\/concurso-de-pesca-de-costa-para-ninos-y-familias-en-goya-los-moncholitos-verdes-apuestan-a-la-inclusion-y-la-educacion-ambiental\/\"  rel=\"bookmark\" class=\"td-image-wrap \" title=\"CONCURSO DE PESCA DE COSTA PARA NI\u00d1OS Y FAMILIAS EN GOYA: LOS MONCHOLITOS VERDES APUESTAN A LA INCLUSI\u00d3N Y LA EDUCACI\u00d3N AMBIENTAL\" ><img loading=\"lazy\" decoding=\"async\" width=\"324\" height=\"160\" class=\"entry-thumb\" src=\"https:\/\/radiobitacora.com.ar\/web\/wp-content\/uploads\/2026\/04\/WhatsApp-Image-2026-04-23-at-11.42.11-AM-324x160.jpeg\"  srcset=\"https:\/\/radiobitacora.com.ar\/web\/wp-content\/uploads\/2026\/04\/WhatsApp-Image-2026-04-23-at-11.42.11-AM-324x160.jpeg 324w, https:\/\/radiobitacora.com.ar\/web\/wp-content\/uploads\/2026\/04\/WhatsApp-Image-2026-04-23-at-11.42.11-AM-533x261.jpeg 533w\" sizes=\"auto, (max-width: 324px) 100vw, 324px\"  alt=\"\" title=\"CONCURSO DE PESCA DE COSTA PARA NI\u00d1OS Y FAMILIAS EN GOYA: LOS MONCHOLITOS VERDES APUESTAN A LA INCLUSI\u00d3N Y LA EDUCACI\u00d3N AMBIENTAL\" \/><\/a><\/div>                <a href=\"https:\/\/radiobitacora.com.ar\/web\/category\/bitacora-tv\/\" class=\"td-post-category\" >NOTAS BIT\u00c1CORA STREAMING<\/a>            <\/div>\r\n            <h3 class=\"entry-title td-module-title\"><a href=\"https:\/\/radiobitacora.com.ar\/web\/2026\/04\/23\/concurso-de-pesca-de-costa-para-ninos-y-familias-en-goya-los-moncholitos-verdes-apuestan-a-la-inclusion-y-la-educacion-ambiental\/\"  rel=\"bookmark\" title=\"CONCURSO DE PESCA DE COSTA PARA NI\u00d1OS Y FAMILIAS EN GOYA: LOS MONCHOLITOS VERDES APUESTAN A LA INCLUSI\u00d3N Y LA EDUCACI\u00d3N AMBIENTAL\">CONCURSO DE PESCA DE COSTA PARA NI\u00d1OS Y FAMILIAS EN GOYA:...<\/a><\/h3>\r\n\r\n            <div class=\"td-module-meta-info\">\r\n                                <span class=\"td-post-date\"><time class=\"entry-date updated td-module-date\" datetime=\"2026-04-23T11:56:53-03:00\" >23 abril, 2026<\/time><\/span>                            <\/div>\r\n\r\n\r\n            <div class=\"td-excerpt\">\r\n                \r\n\r\n\r\n\r\n\r\n\r\n\r\nEn el programa Cont\u00e1 Conmigo en la Ma\u00f1ana, emitido desde los estudios de la multiplataforma Bit\u00e1coras, el presidente de la barra pesquera Los Moncholitos...            <\/div>\r\n\r\n            \r\n        <\/div>\r\n\r\n        \n\t<\/div> <!-- .\/td-block-span6 --><\/div><!--.\/row-fluid-->\n\n\t<div class=\"td-block-row\">\n\n\t<div class=\"td-block-span6\">\n\r\n        <div class=\"td_module_2 td_module_wrap td-animation-stack\">\r\n            <div class=\"td-module-image\">\r\n                <div class=\"td-module-thumb\"><a href=\"https:\/\/radiobitacora.com.ar\/web\/2026\/04\/23\/encuentro-provincial-de-miniatletismo\/\"  rel=\"bookmark\" class=\"td-image-wrap \" title=\"ENCUENTRO PROVINCIAL DE MINIATLETISMO\" ><img loading=\"lazy\" decoding=\"async\" width=\"324\" height=\"160\" class=\"entry-thumb\" src=\"https:\/\/radiobitacora.com.ar\/web\/wp-content\/uploads\/2026\/04\/Mini-Atlestismo-Sabadoo-en-el-Hockey-Municipal-Flyr-e1776946563803-324x160.jpg\"  srcset=\"https:\/\/radiobitacora.com.ar\/web\/wp-content\/uploads\/2026\/04\/Mini-Atlestismo-Sabadoo-en-el-Hockey-Municipal-Flyr-e1776946563803-324x160.jpg 324w, https:\/\/radiobitacora.com.ar\/web\/wp-content\/uploads\/2026\/04\/Mini-Atlestismo-Sabadoo-en-el-Hockey-Municipal-Flyr-e1776946563803-533x261.jpg 533w\" sizes=\"auto, (max-width: 324px) 100vw, 324px\"  alt=\"\" title=\"ENCUENTRO PROVINCIAL DE MINIATLETISMO\" \/><\/a><\/div>                <a href=\"https:\/\/radiobitacora.com.ar\/web\/category\/locales\/\" class=\"td-post-category\" >LOCALES<\/a>            <\/div>\r\n            <h3 class=\"entry-title td-module-title\"><a href=\"https:\/\/radiobitacora.com.ar\/web\/2026\/04\/23\/encuentro-provincial-de-miniatletismo\/\"  rel=\"bookmark\" title=\"ENCUENTRO PROVINCIAL DE MINIATLETISMO\">ENCUENTRO PROVINCIAL DE MINIATLETISMO<\/a><\/h3>\r\n\r\n            <div class=\"td-module-meta-info\">\r\n                                <span class=\"td-post-date\"><time class=\"entry-date updated td-module-date\" datetime=\"2026-04-23T09:16:15-03:00\" >23 abril, 2026<\/time><\/span>                            <\/div>\r\n\r\n\r\n            <div class=\"td-excerpt\">\r\n                En el campo de juego del Hockey, este s\u00e1bado se convocar\u00e1n los peque\u00f1os atletas en la primera fecha del certamen provincial.\r\nEl s\u00e1bado 25 de...            <\/div>\r\n\r\n            \r\n        <\/div>\r\n\r\n        \n\t<\/div> <!-- .\/td-block-span6 -->\n\n\t<div class=\"td-block-span6\">\n\r\n        <div class=\"td_module_2 td_module_wrap td-animation-stack\">\r\n            <div class=\"td-module-image\">\r\n                <div class=\"td-module-thumb\"><a href=\"https:\/\/radiobitacora.com.ar\/web\/2026\/04\/23\/emprendedores-goyanos-vuelven-a-estar-en-la-expo-goya\/\"  rel=\"bookmark\" class=\"td-image-wrap \" title=\"EMPRENDEDORES GOYANOS VUELVEN A ESTAR EN LA EXPO GOYA\" ><img loading=\"lazy\" decoding=\"async\" width=\"324\" height=\"160\" class=\"entry-thumb\" src=\"https:\/\/radiobitacora.com.ar\/web\/wp-content\/uploads\/2026\/04\/Chipacitos-Ya-Analia-Rima-propiertaria-e1776946380691-324x160.png\"  srcset=\"https:\/\/radiobitacora.com.ar\/web\/wp-content\/uploads\/2026\/04\/Chipacitos-Ya-Analia-Rima-propiertaria-e1776946380691-324x160.png 324w, https:\/\/radiobitacora.com.ar\/web\/wp-content\/uploads\/2026\/04\/Chipacitos-Ya-Analia-Rima-propiertaria-e1776946380691-533x261.png 533w\" sizes=\"auto, (max-width: 324px) 100vw, 324px\"  alt=\"\" title=\"EMPRENDEDORES GOYANOS VUELVEN A ESTAR EN LA EXPO GOYA\" \/><\/a><\/div>                <a href=\"https:\/\/radiobitacora.com.ar\/web\/category\/locales\/\" class=\"td-post-category\" >LOCALES<\/a>            <\/div>\r\n            <h3 class=\"entry-title td-module-title\"><a href=\"https:\/\/radiobitacora.com.ar\/web\/2026\/04\/23\/emprendedores-goyanos-vuelven-a-estar-en-la-expo-goya\/\"  rel=\"bookmark\" title=\"EMPRENDEDORES GOYANOS VUELVEN A ESTAR EN LA EXPO GOYA\">EMPRENDEDORES GOYANOS VUELVEN A ESTAR EN LA EXPO GOYA<\/a><\/h3>\r\n\r\n            <div class=\"td-module-meta-info\">\r\n                                <span class=\"td-post-date\"><time class=\"entry-date updated td-module-date\" datetime=\"2026-04-23T09:13:13-03:00\" >23 abril, 2026<\/time><\/span>                            <\/div>\r\n\r\n\r\n            <div class=\"td-excerpt\">\r\n                Para muchos emprendedores, apostar a la Expo Goya en el marco de la Fiesta Nacional del Surub\u00ed ha sido una bisagra en el progreso...            <\/div>\r\n\r\n            \r\n        <\/div>\r\n\r\n        \n\t<\/div> <!-- .\/td-block-span6 --><\/div><!--.\/row-fluid-->\n\n\t<div class=\"td-block-row\">\n\n\t<div class=\"td-block-span6\">\n\r\n        <div class=\"td_module_2 td_module_wrap td-animation-stack\">\r\n            <div class=\"td-module-image\">\r\n                <div class=\"td-module-thumb\"><a href=\"https:\/\/radiobitacora.com.ar\/web\/2026\/04\/23\/avanza-limpieza-de-los-canales-principales-en-goya\/\"  rel=\"bookmark\" class=\"td-image-wrap \" title=\"AVANZA LIMPIEZA DE LOS CANALES PRINCIPALES EN GOYA\" ><img loading=\"lazy\" decoding=\"async\" width=\"324\" height=\"160\" class=\"entry-thumb\" src=\"https:\/\/radiobitacora.com.ar\/web\/wp-content\/uploads\/2026\/04\/nota-gabiassi-3-324x160.jpeg\"  srcset=\"https:\/\/radiobitacora.com.ar\/web\/wp-content\/uploads\/2026\/04\/nota-gabiassi-3-324x160.jpeg 324w, https:\/\/radiobitacora.com.ar\/web\/wp-content\/uploads\/2026\/04\/nota-gabiassi-3-533x261.jpeg 533w\" sizes=\"auto, (max-width: 324px) 100vw, 324px\"  alt=\"\" title=\"AVANZA LIMPIEZA DE LOS CANALES PRINCIPALES EN GOYA\" \/><\/a><\/div>                <a href=\"https:\/\/radiobitacora.com.ar\/web\/category\/locales\/\" class=\"td-post-category\" >LOCALES<\/a>            <\/div>\r\n            <h3 class=\"entry-title td-module-title\"><a href=\"https:\/\/radiobitacora.com.ar\/web\/2026\/04\/23\/avanza-limpieza-de-los-canales-principales-en-goya\/\"  rel=\"bookmark\" title=\"AVANZA LIMPIEZA DE LOS CANALES PRINCIPALES EN GOYA\">AVANZA LIMPIEZA DE LOS CANALES PRINCIPALES EN GOYA<\/a><\/h3>\r\n\r\n            <div class=\"td-module-meta-info\">\r\n                                <span class=\"td-post-date\"><time class=\"entry-date updated td-module-date\" datetime=\"2026-04-23T09:10:12-03:00\" >23 abril, 2026<\/time><\/span>                            <\/div>\r\n\r\n\r\n            <div class=\"td-excerpt\">\r\n                El PRODEGO, en el marco de los trabajos de mantenimiento h\u00eddrico, contin\u00faan a buen ritmo las tareas de limpieza de los canales principales, una...            <\/div>\r\n\r\n            \r\n        <\/div>\r\n\r\n        \n\t<\/div> <!-- .\/td-block-span6 -->\n\n\t<div class=\"td-block-span6\">\n\r\n        <div class=\"td_module_2 td_module_wrap td-animation-stack\">\r\n            <div class=\"td-module-image\">\r\n                <div class=\"td-module-thumb\"><a href=\"https:\/\/radiobitacora.com.ar\/web\/2026\/04\/22\/voces-callejeras-la-odisea-una-banda-que-crecio-entre-amigos-y-hoy-se-consolida-en-grandes-escenarios\/\"  rel=\"bookmark\" class=\"td-image-wrap \" title=\"VOCES CALLEJERAS: LA ODISEA, UNA BANDA QUE CRECI\u00d3 ENTRE AMIGOS Y HOY SE CONSOLIDA EN GRANDES ESCENARIOS\" ><img loading=\"lazy\" decoding=\"async\" width=\"324\" height=\"160\" class=\"entry-thumb\" src=\"https:\/\/radiobitacora.com.ar\/web\/wp-content\/uploads\/2026\/04\/WhatsApp-Image-2026-04-22-at-11.43.10-PM-324x160.jpeg\"  srcset=\"https:\/\/radiobitacora.com.ar\/web\/wp-content\/uploads\/2026\/04\/WhatsApp-Image-2026-04-22-at-11.43.10-PM-324x160.jpeg 324w, https:\/\/radiobitacora.com.ar\/web\/wp-content\/uploads\/2026\/04\/WhatsApp-Image-2026-04-22-at-11.43.10-PM-533x261.jpeg 533w\" sizes=\"auto, (max-width: 324px) 100vw, 324px\"  alt=\"\" title=\"VOCES CALLEJERAS: LA ODISEA, UNA BANDA QUE CRECI\u00d3 ENTRE AMIGOS Y HOY SE CONSOLIDA EN GRANDES ESCENARIOS\" \/><\/a><\/div>                <a href=\"https:\/\/radiobitacora.com.ar\/web\/category\/bitacora-tv\/\" class=\"td-post-category\" >NOTAS BIT\u00c1CORA STREAMING<\/a>            <\/div>\r\n            <h3 class=\"entry-title td-module-title\"><a href=\"https:\/\/radiobitacora.com.ar\/web\/2026\/04\/22\/voces-callejeras-la-odisea-una-banda-que-crecio-entre-amigos-y-hoy-se-consolida-en-grandes-escenarios\/\"  rel=\"bookmark\" title=\"VOCES CALLEJERAS: LA ODISEA, UNA BANDA QUE CRECI\u00d3 ENTRE AMIGOS Y HOY SE CONSOLIDA EN GRANDES ESCENARIOS\">VOCES CALLEJERAS: LA ODISEA, UNA BANDA QUE CRECI\u00d3 ENTRE AMIGOS Y...<\/a><\/h3>\r\n\r\n            <div class=\"td-module-meta-info\">\r\n                                <span class=\"td-post-date\"><time class=\"entry-date updated td-module-date\" datetime=\"2026-04-22T23:50:09-03:00\" >22 abril, 2026<\/time><\/span>                            <\/div>\r\n\r\n\r\n            <div class=\"td-excerpt\">\r\n                \r\n\r\n\r\n\r\nEn los estudios de Multiplataforma Bit\u00e1cora, durante el programa Voces Callejeras, Nacho y Brian, integrantes de La Odisea, compartieron la historia, el presente y...            <\/div>\r\n\r\n            \r\n        <\/div>\r\n\r\n        \n\t<\/div> <!-- .\/td-block-span6 --><\/div><!--.\/row-fluid-->\n\n\t<div class=\"td-block-row\">\n\n\t<div class=\"td-block-span6\">\n\r\n        <div class=\"td_module_2 td_module_wrap td-animation-stack\">\r\n            <div class=\"td-module-image\">\r\n                <div class=\"td-module-thumb\"><a href=\"https:\/\/radiobitacora.com.ar\/web\/2026\/04\/22\/emprendimiento-y-pasion-por-la-apicultura-la-historia-de-pura-honey-en-voces-callejeras\/\"  rel=\"bookmark\" class=\"td-image-wrap \" title=\"EMPRENDIMIENTO Y PASI\u00d3N POR LA APICULTURA: LA HISTORIA DE PURA HONEY EN VOCES CALLEJERAS\" ><img loading=\"lazy\" decoding=\"async\" width=\"324\" height=\"160\" class=\"entry-thumb\" src=\"https:\/\/radiobitacora.com.ar\/web\/wp-content\/uploads\/2026\/04\/WhatsApp-Image-2026-04-22-at-7.43.22-PM-1-324x160.jpeg\"  srcset=\"https:\/\/radiobitacora.com.ar\/web\/wp-content\/uploads\/2026\/04\/WhatsApp-Image-2026-04-22-at-7.43.22-PM-1-324x160.jpeg 324w, https:\/\/radiobitacora.com.ar\/web\/wp-content\/uploads\/2026\/04\/WhatsApp-Image-2026-04-22-at-7.43.22-PM-1-533x261.jpeg 533w\" sizes=\"auto, (max-width: 324px) 100vw, 324px\"  alt=\"\" title=\"EMPRENDIMIENTO Y PASI\u00d3N POR LA APICULTURA: LA HISTORIA DE PURA HONEY EN VOCES CALLEJERAS\" \/><\/a><\/div>                <a href=\"https:\/\/radiobitacora.com.ar\/web\/category\/bitacora-tv\/\" class=\"td-post-category\" >NOTAS BIT\u00c1CORA STREAMING<\/a>            <\/div>\r\n            <h3 class=\"entry-title td-module-title\"><a href=\"https:\/\/radiobitacora.com.ar\/web\/2026\/04\/22\/emprendimiento-y-pasion-por-la-apicultura-la-historia-de-pura-honey-en-voces-callejeras\/\"  rel=\"bookmark\" title=\"EMPRENDIMIENTO Y PASI\u00d3N POR LA APICULTURA: LA HISTORIA DE PURA HONEY EN VOCES CALLEJERAS\">EMPRENDIMIENTO Y PASI\u00d3N POR LA APICULTURA: LA HISTORIA DE PURA HONEY...<\/a><\/h3>\r\n\r\n            <div class=\"td-module-meta-info\">\r\n                                <span class=\"td-post-date\"><time class=\"entry-date updated td-module-date\" datetime=\"2026-04-22T19:50:35-03:00\" >22 abril, 2026<\/time><\/span>                            <\/div>\r\n\r\n\r\n            <div class=\"td-excerpt\">\r\n                \r\n\r\n\r\n\r\nEn los estudios de Multiplataformas Bit\u00e1cora, durante el programa Voces Callejeras, se vivi\u00f3 una charla enriquecedora junto a Yamila Iberto y su socio Berto,...            <\/div>\r\n\r\n            \r\n        <\/div>\r\n\r\n        \n\t<\/div> <!-- .\/td-block-span6 -->\n\n\t<div class=\"td-block-span6\">\n\r\n        <div class=\"td_module_2 td_module_wrap td-animation-stack\">\r\n            <div class=\"td-module-image\">\r\n                <div class=\"td-module-thumb\"><a href=\"https:\/\/radiobitacora.com.ar\/web\/2026\/04\/22\/alimentos-antiarrugas-cuales-son-los-mas-adecuados-para-mantener-una-piel-hidratada-y-nutrida\/\"  rel=\"bookmark\" class=\"td-image-wrap \" title=\"Alimentos antiarrugas: \u00bfcu\u00e1les son los m\u00e1s adecuados para mantener una piel hidratada y nutrida?\" ><img loading=\"lazy\" decoding=\"async\" width=\"324\" height=\"160\" class=\"entry-thumb\" src=\"https:\/\/radiobitacora.com.ar\/web\/wp-content\/uploads\/2026\/04\/H4MJBXZJ3FB65NNEYQTHF2KQ3U-324x160.jpg\"  srcset=\"https:\/\/radiobitacora.com.ar\/web\/wp-content\/uploads\/2026\/04\/H4MJBXZJ3FB65NNEYQTHF2KQ3U-324x160.jpg 324w, https:\/\/radiobitacora.com.ar\/web\/wp-content\/uploads\/2026\/04\/H4MJBXZJ3FB65NNEYQTHF2KQ3U-533x261.jpg 533w\" sizes=\"auto, (max-width: 324px) 100vw, 324px\"  alt=\"\" title=\"Alimentos antiarrugas: \u00bfcu\u00e1les son los m\u00e1s adecuados para mantener una piel hidratada y nutrida?\" \/><\/a><\/div>                <a href=\"https:\/\/radiobitacora.com.ar\/web\/category\/salud\/\" class=\"td-post-category\" >SALUD<\/a>            <\/div>\r\n            <h3 class=\"entry-title td-module-title\"><a href=\"https:\/\/radiobitacora.com.ar\/web\/2026\/04\/22\/alimentos-antiarrugas-cuales-son-los-mas-adecuados-para-mantener-una-piel-hidratada-y-nutrida\/\"  rel=\"bookmark\" title=\"Alimentos antiarrugas: \u00bfcu\u00e1les son los m\u00e1s adecuados para mantener una piel hidratada y nutrida?\">Alimentos antiarrugas: \u00bfcu\u00e1les son los m\u00e1s adecuados para mantener una piel...<\/a><\/h3>\r\n\r\n            <div class=\"td-module-meta-info\">\r\n                                <span class=\"td-post-date\"><time class=\"entry-date updated td-module-date\" datetime=\"2026-04-22T17:53:58-03:00\" >22 abril, 2026<\/time><\/span>                            <\/div>\r\n\r\n\r\n            <div class=\"td-excerpt\">\r\n                Vitaminas, minerales, antioxidantes, omega 3, 6 y 9: todo eso debe figurar en el men\u00fa\u00a0para promover la producci\u00f3n de col\u00e1geno y para luchar contra...            <\/div>\r\n\r\n            \r\n        <\/div>\r\n\r\n        \n\t<\/div> <!-- .\/td-block-span6 --><\/div><!--.\/row-fluid--><\/div><div class=\"td-next-prev-wrap\"><a href=\"#\" class=\"td-ajax-prev-page ajax-page-disabled\" aria-label=\"prev-page\" id=\"prev-page-tdi_10\" data-td_block_id=\"tdi_10\"><i class=\"td-next-prev-icon td-icon-font td-icon-menu-left\"><\/i><\/a><a href=\"#\"  class=\"td-ajax-next-page\" aria-label=\"next-page\" id=\"next-page-tdi_10\" data-td_block_id=\"tdi_10\"><i class=\"td-next-prev-icon td-icon-font td-icon-menu-right\"><\/i><\/a><\/div><\/div> <!-- .\/block --><\/div><\/div><div class=\"vc_column tdi_12  wpb_column vc_column_container tdc-column td-pb-span4\">\n<style scoped>\n\/* custom css - generated by TagDiv Composer *\/\n\n\/* custom css - generated by TagDiv Composer *\/\n.tdi_12{\r\n                    vertical-align: baseline;\r\n                }.tdi_12 > .wpb_wrapper,\r\n\t\t\t\t.tdi_12 > .wpb_wrapper > .tdc-elements{\r\n\t\t\t\t    display: block;\r\n\t\t\t\t}.tdi_12 > .wpb_wrapper > .tdc-elements{\r\n\t\t\t\t    width: 100%;\r\n\t\t\t\t}.tdi_12 > .wpb_wrapper > .vc_row_inner{\r\n\t\t\t\t    width: auto;\r\n\t\t\t\t}.tdi_12 > .wpb_wrapper{\r\n\t\t\t\t    width: auto;\r\n\t\t\t\t    height: auto;\r\n\t\t\t\t}\n<\/style><div class=\"wpb_wrapper\" ><div class=\"td_block_wrap td_block_weather tdi_13 td-pb-border-top td_block_template_1\"  data-td-block-uid=\"tdi_13\" >\n<style>\n\/* custom css - generated by TagDiv Composer *\/\n.td_block_weather .block-title{\r\n                    margin-bottom: 22px;\r\n                }.td_block_weather .td-weather-wrap{\r\n                    position: relative;\r\n                    -webkit-touch-callout: none;\r\n                    -webkit-user-select: none;\r\n                    user-select: none;\r\n                }.td-weather-header{\r\n                    padding-left: 10px;\r\n                    font-family: var(--td_default_google_font_2, 'Roboto', sans-serif);\r\n                }.td-weather-city{\r\n                    font-size: 20px;\r\n                    font-weight: bold;\r\n                    line-height: 1;\r\n                    text-transform: uppercase;\r\n                    margin-bottom: 7px;\r\n                }.td-weather-condition{\r\n                    font-size: 14px;\r\n                    line-height: 1;\r\n                    text-transform: capitalize;\r\n                    opacity: 0.8;\r\n                }.td-location-icon{\r\n                    position: absolute;\r\n                    top: 0;\r\n                    right: 10px;\r\n                    font-size: 22px;\r\n                    opacity: 0.6;\r\n                    z-index: 1;\r\n                }.td-location-icon:hover{\r\n                    cursor: pointer;\r\n                    opacity: 0.9;\r\n                }.td-weather-temperature{\r\n                    font-family: var(--td_default_google_font_2, 'Roboto', sans-serif);\r\n                    padding: 3px 0;\r\n                    display: inline-block;\r\n                    width: 100%;\r\n                    float: left;\r\n                    text-align: center;\r\n                }.td-weather-temp-wrap{\r\n                    display: inline-block;\r\n                }.td-weather-now{\r\n                    float: left;\r\n                    text-align: center;\r\n                    line-height: 1;\r\n                    padding: 32px 16px;\r\n                    font-weight: 300;\r\n                    width: 145px;\r\n                    -webkit-touch-callout: none;\r\n                    -webkit-user-select: none;\r\n                    user-select: none;\r\n                }.td-weather-now .td-big-degrees{\r\n                    font-size: 40px;\r\n                }.td-weather-now .td-circle{\r\n                    font-size: 30px;\r\n                    position: relative;\r\n                    top: -6px;\r\n                    opacity: 0.6;\r\n                    line-height: 1;\r\n                    vertical-align: top;\r\n                }.td-weather-now .td-weather-unit{\r\n                    font-size: 16px;\r\n                    position: relative;\r\n                    top: -4px;\r\n                    font-weight: 400;\r\n                    opacity: 0.6;\r\n                    left: -2px;\r\n                    line-height: 1;\r\n                    vertical-align: top;\r\n                }.td-weather-now:hover{\r\n                    cursor: pointer;\r\n                }.td-weather-lo-hi{\r\n                    float: left;\r\n                    text-align: left;\r\n                    width: 55px;\r\n                }.td-weather-degrees-wrap{\r\n                    padding: 15px 0;\r\n                }.td-weather-degrees-wrap i{\r\n                    position: relative;\r\n                    top: 3px;\r\n                    font-size: 16px;\r\n                    color: #b3b3b3;\r\n                }.td-weather-degrees-wrap .td-small-degrees{\r\n                    font-size: 12px;\r\n                }.td-weather-degrees-wrap .td-circle{\r\n                    font-size: 18px;\r\n                    position: relative;\r\n                    right: 3px;\r\n                    top: 3px;\r\n                }.td-weather-information{\r\n                    font-family: var(--td_default_google_font_2, 'Roboto', sans-serif);\r\n                    font-size: 12px;\r\n                    position: relative;\r\n                    padding: 5px 0;\r\n                    display: inline-block;\r\n                    width: 100%;\r\n                    float: left;\r\n                    opacity: 0.6;\r\n                }.td-weather-information:before{\r\n                    content:'';\r\n                    width: 100%;\r\n                    height: 2px;\r\n                    position: absolute;\r\n                    top: -2px;\r\n                    left: 0;\r\n                    background-color: var(--td_theme_color, #4db2ec);\r\n                    opacity: 0.2;\r\n                }.td-weather-information i{\r\n                    font-size: 16px;\r\n                    position: relative;\r\n                    top: 2px;\r\n                }.td-weather-section-1,\r\n                .td-weather-section-2,\r\n                .td-weather-section-3{\r\n                    float: left;\r\n                    width: 33%;\r\n                }.td-weather-section-1{\r\n                text-align: right;\r\n                    padding-right: 10px;\r\n                }.td-weather-section-2{\r\n                    text-align: center;\r\n                }.td-weather-section-3{\r\n                    text-align: left;\r\n                    padding-left: 10px;\r\n                }.td-weather-week{\r\n                    font-family: var(--td_default_google_font_2, 'Roboto', sans-serif);\r\n                    padding: 15px 8px;\r\n                    width: 100%;\r\n                    text-align: center;\r\n                    line-height: 1;\r\n                    position: relative;\r\n                    display: inline-block;\r\n                }.td-weather-week:before{\r\n                    content:'';\r\n                    width: 100%;\r\n                    height: 100%;\r\n                    position: absolute;\r\n                    top: 0;\r\n                    left: 0;\r\n                    background-color: var(--td_theme_color, #4db2ec);\r\n                    opacity: 0.07;\r\n                }.td-weather-days{\r\n                    width: 20%;\r\n                    float: left;\r\n                    text-align: center;\r\n                    text-transform:uppercase;\r\n                    line-height: 1;\r\n                }.td-weather-days .td-day-0,\r\n                .td-weather-days .td-day-1,\r\n                .td-weather-days .td-day-2,\r\n                .td-weather-days .td-day-3,\r\n                .td-weather-days .td-day-4{\r\n                    margin-bottom: 8px;\r\n                    font-size: 11px;\r\n                    opacity: 0.5;\r\n                }.td-weather-days .td-day-degrees{\r\n                    font-size: 20px;\r\n                    position: relative;\r\n                    left: 4px;\r\n                    line-height: 14px;\r\n                    opacity: 0.7;\r\n                }.td-weather-days .td-circle{\r\n                    position: relative;\r\n                    right: 5px;\r\n                }.td-weather-animated-icon{\r\n                    float: left;\r\n                    text-align: right;\r\n                    margin-left: -15px;\r\n                    position: relative;\r\n                }.td-weather-animated-icon span{\r\n                    width: 100px;\r\n                    height: 100px;\r\n                    display: inline-block;\r\n                    opacity: 0.4;\r\n                    margin-top: 4px;\r\n                }.clear-sky-d{\r\n                    background: url('https:\/\/radiobitacora.com.ar\/web\/wp-content\/plugins\/td-composer\/legacy\/Newspaper\/assets\/images\/sprite\/weather\/clear-sky-d.png') no-repeat;\r\n                }.clear-sky-n{\r\n                    background: url('https:\/\/radiobitacora.com.ar\/web\/wp-content\/plugins\/td-composer\/legacy\/Newspaper\/assets\/images\/sprite\/weather\/clear-sky-n.png') no-repeat;\r\n                }.few-clouds-d{\r\n                    background: url('https:\/\/radiobitacora.com.ar\/web\/wp-content\/plugins\/td-composer\/legacy\/Newspaper\/assets\/images\/sprite\/weather\/few-clouds-d.png') no-repeat;\r\n                }.few-clouds-n{\r\n                    background: url('https:\/\/radiobitacora.com.ar\/web\/wp-content\/plugins\/td-composer\/legacy\/Newspaper\/assets\/images\/sprite\/weather\/few-clouds-n.png') no-repeat;\r\n                }.scattered-clouds-d{\r\n                    background: url('https:\/\/radiobitacora.com.ar\/web\/wp-content\/plugins\/td-composer\/legacy\/Newspaper\/assets\/images\/sprite\/weather\/scattered-clouds-d.png') no-repeat;\r\n                }.scattered-clouds-n{\r\n                    background: url('https:\/\/radiobitacora.com.ar\/web\/wp-content\/plugins\/td-composer\/legacy\/Newspaper\/assets\/images\/sprite\/weather\/scattered-clouds-n.png') no-repeat;\r\n                }.broken-clouds-d{\r\n                    background: url('https:\/\/radiobitacora.com.ar\/web\/wp-content\/plugins\/td-composer\/legacy\/Newspaper\/assets\/images\/sprite\/weather\/broken-clouds-d.png') no-repeat;\r\n                }.broken-clouds-n{\r\n                    background: url('https:\/\/radiobitacora.com.ar\/web\/wp-content\/plugins\/td-composer\/legacy\/Newspaper\/assets\/images\/sprite\/weather\/broken-clouds-n.png') no-repeat;\r\n                }.shower-rain-d{\r\n                    background: url('https:\/\/radiobitacora.com.ar\/web\/wp-content\/plugins\/td-composer\/legacy\/Newspaper\/assets\/images\/sprite\/weather\/shower-rain-d.png') no-repeat;\r\n                }.shower-rain-n{\r\n                    background: url('https:\/\/radiobitacora.com.ar\/web\/wp-content\/plugins\/td-composer\/legacy\/Newspaper\/assets\/images\/sprite\/weather\/shower-rain-n.png') no-repeat;\r\n                }.rain-d{\r\n                    background: url('https:\/\/radiobitacora.com.ar\/web\/wp-content\/plugins\/td-composer\/legacy\/Newspaper\/assets\/images\/sprite\/weather\/rain-d.png') no-repeat;\r\n                }.rain-n{\r\n                    background: url('https:\/\/radiobitacora.com.ar\/web\/wp-content\/plugins\/td-composer\/legacy\/Newspaper\/assets\/images\/sprite\/weather\/rain-n.png') no-repeat;\r\n                }.thunderstorm-d{\r\n                    background: url('https:\/\/radiobitacora.com.ar\/web\/wp-content\/plugins\/td-composer\/legacy\/Newspaper\/assets\/images\/sprite\/weather\/thunderstorm.png') no-repeat;\r\n                }.thunderstorm-n{\r\n                    background: url('https:\/\/radiobitacora.com.ar\/web\/wp-content\/plugins\/td-composer\/legacy\/Newspaper\/assets\/images\/sprite\/weather\/thunderstorm.png') no-repeat;\r\n                }.snow-d{\r\n                    background: url('https:\/\/radiobitacora.com.ar\/web\/wp-content\/plugins\/td-composer\/legacy\/Newspaper\/assets\/images\/sprite\/weather\/snow-d.png') no-repeat;\r\n                }.snow-n{\r\n                    background: url('https:\/\/radiobitacora.com.ar\/web\/wp-content\/plugins\/td-composer\/legacy\/Newspaper\/assets\/images\/sprite\/weather\/snow-n.png') no-repeat;\r\n                }.mist-d{\r\n                    background: url('https:\/\/radiobitacora.com.ar\/web\/wp-content\/plugins\/td-composer\/legacy\/Newspaper\/assets\/images\/sprite\/weather\/mist.png') no-repeat;\r\n                }.mist-n{\r\n                    background: url('https:\/\/radiobitacora.com.ar\/web\/wp-content\/plugins\/td-composer\/legacy\/Newspaper\/assets\/images\/sprite\/weather\/mist.png') no-repeat;\r\n                }.td-weather-set-location{\r\n                    display: none;\r\n                    position: absolute;\r\n                    top: 0;\r\n                }.td-weather-set-location .td-location-set-input{\r\n                    height: 20px;\r\n                    font-size: 20px;\r\n                    font-weight: bold;\r\n                    text-transform: uppercase;\r\n                    font-family: var(--td_default_google_font_2, 'Roboto', sans-serif);\r\n                    border: 0;\r\n                    padding: 0 10px;\r\n                }.td-weather-set-location .td-location-set-input:focus ~ label{\r\n                    top: -20px;\r\n                    font-size: 11px;\r\n                    opacity: 0.5;\r\n                }.td-show-location{\r\n                    display: block !important;\r\n                }.td-show-location label{\r\n                    position: absolute;\r\n                    top: 0;\r\n                    left: 10px;\r\n                    font-size: 13px;\r\n                    opacity: 0.6;\r\n                    pointer-events: none;\r\n                    -webkit-transition: all 0.2s ease;\r\n                    transition: all 0.2s ease;\r\n                }.td_block_weather .td-column-2,\r\n                .td_block_weather .td-column-3{\r\n                    text-align: right;\r\n                    height: 90px;\r\n                }.td_block_weather .td-column-2 .td-weather-city,\r\n                .td_block_weather .td-column-3 .td-weather-city{\r\n                    position: absolute;\r\n                    top: 0;\r\n                }.td_block_weather .td-column-2 .td-weather-condition,\r\n                .td_block_weather .td-column-3 .td-weather-condition{\r\n                    position: absolute;\r\n                    bottom: 0;\r\n                }.td_block_weather .td-column-2 .td-weather-temperature,\r\n                .td_block_weather .td-column-3 .td-weather-temperature{\r\n                    text-align: right;\r\n                    width: 55%;\r\n                    padding-right: 20px;\r\n                }.td_block_weather .td-column-2 .td-weather-temp-wrap,\r\n                .td_block_weather .td-column-3 .td-weather-temp-wrap{\r\n                    position: relative;\r\n                    top: -3px;\r\n                }.td_block_weather .td-column-2 .td-weather-animated-icon,\r\n                .td_block_weather .td-column-3 .td-weather-animated-icon{\r\n                    transform: scale(0.7);\r\n                    -webkit-transform: scale(0.7);\r\n                    margin-right: -15px;\r\n                    top: -5px;\r\n                }.td_block_weather .td-column-2 .td-weather-now,\r\n                .td_block_weather .td-column-3 .td-weather-now{\r\n                    width: 110px;\r\n                    padding: 32px 0;\r\n                    margin-right: 10px;\r\n                }.td_block_weather .td-column-2 .td-weather-now .td-big-degrees,\r\n                .td_block_weather .td-column-3 .td-weather-now .td-big-degrees{\r\n                    font-size: 32px;\r\n                }.td_block_weather .td-column-2 .td-weather-degrees-wrap,\r\n                .td_block_weather .td-column-3 .td-weather-degrees-wrap{\r\n                    padding: 12px 0;\r\n                }.td_block_weather .td-column-2 .td-weather-animated-icon,\r\n                .td_block_weather .td-column-3 .td-weather-animated-icon,\r\n                .td_block_weather .td-column-2 .td-weather-lo-hi,\r\n                .td_block_weather .td-column-3 .td-weather-lo-hi{\r\n                    width: auto;\r\n                }.td_block_weather .td-column-2 .td-weather-info-wrap,\r\n                .td_block_weather .td-column-3 .td-weather-info-wrap{\r\n                    width: 45%;\r\n                    float: right;\r\n                    padding-left: 20px;\r\n                }.td_block_weather .td-column-2 .td-weather-information,\r\n                .td_block_weather .td-column-3 .td-weather-information{\r\n                    padding: 3px 0 10px;\r\n                }.td_block_weather .td-column-2 .td-weather-information:before,\r\n                .td_block_weather .td-column-3 .td-weather-information:before{\r\n                    top: auto;\r\n                    bottom: -4px;\r\n                }.td_block_weather .td-column-2 .td-weather-week,\r\n                .td_block_weather .td-column-3 .td-weather-week{\r\n                    padding: 20px 0 15px;\r\n                }.td_block_weather .td-column-2 .td-weather-week:before,\r\n                .td_block_weather .td-column-3 .td-weather-week:before{\r\n                    display: none;\r\n                }.td_block_weather .td-column-3 .td-weather-temp-wrap{\r\n                    margin-right: 100px;\r\n                }@media (max-width: 1018px) {\r\n                    .td-weather-temperature {\r\n                        margin-bottom: -6px;\r\n                        padding: 0;\r\n                    }\r\n                }@media (max-width: 1018px) {\r\n                    .td-weather-now {\r\n                        padding: 28px 0;\r\n                        position: relative;\r\n                        left: -10px;\r\n                        width: 90px;\r\n                        margin-left: 12px;\r\n                    }\r\n                }@media (min-width: 768px) and (max-width: 1018px) {\r\n                    .td-weather-now {\r\n                        margin-left: 0;\r\n                    }\r\n                }@media (max-width: 767px) {\r\n                    .td-weather-now {\r\n                        width: 100px;\r\n                    }\r\n                }@media (max-width: 1018px) {\r\n                    .td-weather-now .td-big-degrees {\r\n                        font-size: 32px;\r\n                    }\r\n                }@media (max-width: 1018px) {\r\n                    .td-weather-degrees-wrap {\r\n                        padding: 10px 0;\r\n                    }\r\n                }@media (max-width: 1018px) {\r\n                    .td-weather-animated-icon {\r\n                        left: 0;\r\n                        top: -6px;\r\n                        margin-right: 0;\r\n                        margin-left: -22px;\r\n                    }\r\n                }@media (min-width: 768px) and (max-width: 1018px) {\r\n                    .td-weather-animated-icon {\r\n                        transform: scale(0.72);\r\n                        -webkit-transform: scale(0.72);\r\n                        margin-left: -20px;\r\n                    }\r\n                }@media (max-width: 1018px) {\r\n                    .td-weather-animated-icon span {\r\n                        margin-top: 0;\r\n                    }\r\n                }@media (max-width: 1018px) {\r\n                    .td_block_weather .td-column-2,\r\n                    .td_block_weather .td-column-3 {\r\n                        height: auto;\r\n                        display: inline-block;\r\n                        text-align: left;\r\n                        width: 100%;\r\n                    }\r\n                }@media (max-width: 1018px) {\r\n                    .td_block_weather .td-column-2 .td-weather-city,\r\n                    .td_block_weather .td-column-3 .td-weather-city {\r\n                        position: relative;\r\n                    }\r\n                }@media (max-width: 1018px) {\r\n                    .td_block_weather .td-column-2 .td-weather-condition,\r\n                    .td_block_weather .td-column-3 .td-weather-condition {\r\n                        position: relative;\r\n                    }\r\n                }@media (max-width: 1018px) {\r\n                    .td_block_weather .td-column-2 .td-weather-temperature,\r\n                    .td_block_weather .td-column-3 .td-weather-temperature {\r\n                        width: 100%;\r\n                        text-align: center;\r\n                        padding: 0;\r\n                    }\r\n                }@media (max-width: 1018px) {\r\n                    .td_block_weather .td-column-2 .td-weather-temp-wrap,\r\n                    .td_block_weather .td-column-3 .td-weather-temp-wrap{\r\n                        top: 0;\r\n                    }\r\n                }@media (max-width: 1018px) {\r\n                    .td_block_weather .td-column-2 .td-weather-animated-icon,\r\n                    .td_block_weather .td-column-3 .td-weather-animated-icon {\r\n                        transform: scale(1);\r\n                        -webkit-transform: scale(1);\r\n                        left: 0;\r\n                        top: -5px;\r\n                        margin-right: 0;\r\n                        margin-left: -22px;\r\n                    }\r\n                }@media (max-width: 1018px) {\r\n                    .td_block_weather .td-column-2 .td-weather-now,\r\n                    .td_block_weather .td-column-3 .td-weather-now {\r\n                        padding: 30px 0;\r\n                        position: relative;\r\n                        left: -10px;\r\n                        width: 100px;\r\n                        margin-right: 0;\r\n                    }\r\n                }@media (max-width: 1018px) {\r\n                    .td_block_weather .td-column-2 .td-weather-info-wrap,\r\n                    .td_block_weather .td-column-3 .td-weather-info-wrap {\r\n                        width: 100%;\r\n                        padding-left: 0;\r\n                    }\r\n                }@media (max-width: 1018px) {\r\n                    .td_block_weather .td-column-2 .td-weather-information,\r\n                    .td_block_weather .td-column-3 .td-weather-information {\r\n                        padding: 5px 0;\r\n                    }\r\n                }@media (max-width: 1018px) {\r\n                    .td_block_weather .td-column-2 .td-weather-information:before,\r\n                    .td_block_weather .td-column-3 .td-weather-information:before {\r\n                        bottom: auto;\r\n                        top: -2px;\r\n                    }\r\n                }@media (max-width: 1018px) {\r\n                    .td_block_weather .td-column-2 .td-weather-week,\r\n                    .td_block_weather .td-column-3 .td-weather-week {\r\n                        padding: 15px 0;\r\n                    }\r\n                }@media (max-width: 1018px) {\r\n                    .td_block_weather .td-column-2 .td-weather-week:before,\r\n                    .td_block_weather .td-column-3 .td-weather-week:before {\r\n                        display: block;\r\n                    }\r\n                }@media (max-width: 1018px) {\r\n                    .td_block_weather .td-column-3 .td-weather-temp-wrap {\r\n                        margin-right: 0;\r\n                    }\r\n                }\n<\/style><div class=\"td-block-title-wrap\"><\/div><div id=tdi_13 class=\"td-weather-wrap td_block_inner td-column-1\"><!-- td weather source: cache -->\r\n\t\t<div class=\"td-weather-header\">\r\n\t\t\t<div class=\"td-weather-city\">Goya<\/div>\r\n\t\t\t<div class=\"td-weather-condition\">cielo claro<\/div>\r\n\t\t\t<i class=\"td-location-icon td-icons-location\" data-block-uid=\"tdi_13\"><\/i>\r\n\t\t<\/div>\r\n\r\n\t\t<div class=\"td-weather-set-location\">\r\n\t\t\t<form class=\"td-manual-location-form\" action=\"#\" data-block-uid=\"tdi_13\">\r\n\t\t\t\t<input id=\"tdi_13\" class=\"td-location-set-input\" type=\"text\"\r\n\t\t\t\t\t   name=\"location\" value=\"\">\r\n\t\t\t\t<label>enter location<\/label>\r\n\t\t\t<\/form>\r\n\t\t<\/div>\r\n\r\n\t\t<div class=\"td-weather-temperature\">\r\n\t\t\t<div class=\"td-weather-temp-wrap\">\r\n\t\t\t\t<div class=\"td-weather-animated-icon\">\r\n\t\t\t\t\t<span\r\n\t\t\t\t\t\tclass=\"td_animation_sprite-27-100-80-0-0-1 clear-sky-d td-w-today-icon\"\r\n\t\t\t\t\t\tdata-td-block-uid=\"tdi_13\"><\/span>\r\n\t\t\t\t<\/div>\r\n\t\t\t\t<div class=\"td-weather-now\" data-block-uid=\"tdi_13\">\r\n\t\t\t\t\t<span class=\"td-big-degrees\">25.3<\/span>\r\n\t\t\t\t\t<span class=\"td-circle\">&deg;<\/span>\r\n\t\t\t\t\t<span class=\"td-weather-unit\">C<\/span>\r\n\t\t\t\t<\/div>\r\n\t\t\t\t<div class=\"td-weather-lo-hi\">\r\n\t\t\t\t\t<div class=\"td-weather-degrees-wrap\">\r\n\t\t\t\t\t\t<i class=\"td-up-icon td-icons-arrows-up\"><\/i>\r\n\t\t\t\t\t\t<span\r\n\t\t\t\t\t\t\tclass=\"td-small-degrees td-w-high-temp\">25.3<\/span>\r\n\t\t\t\t\t\t<span class=\"td-circle\">&deg;<\/span>\r\n\t\t\t\t\t<\/div>\r\n\t\t\t\t\t<div class=\"td-weather-degrees-wrap\">\r\n\t\t\t\t\t\t<i class=\"td-down-icon td-icons-arrows-down\"><\/i>\r\n\t\t\t\t\t\t<span\r\n\t\t\t\t\t\t\tclass=\"td-small-degrees td-w-low-temp\">25.3<\/span>\r\n\t\t\t\t\t\t<span class=\"td-circle\">&deg;<\/span>\r\n\t\t\t\t\t<\/div>\r\n\t\t\t\t<\/div>\r\n\t\t\t<\/div>\r\n\t\t<\/div>\r\n\r\n\t\t<div class=\"td-weather-info-wrap\">\r\n\t\t\t<div class=\"td-weather-information\">\r\n\t\t\t\t<div class=\"td-weather-section-1\">\r\n\t\t\t\t\t<i class=\"td-icons-drop\"><\/i>\r\n\t\t\t\t\t<span class=\"td-weather-parameter td-w-today-humidity\">59\t\t\t\t\t\t%<\/span>\r\n\t\t\t\t<\/div>\r\n\t\t\t\t<div class=\"td-weather-section-2\">\r\n\t\t\t\t\t<i class=\"td-icons-wind\"><\/i>\r\n\t\t\t\t\t<span\r\n\t\t\t\t\t\tclass=\"td-weather-parameter td-w-today-wind-speed\">3.4kmh<\/span>\r\n\t\t\t\t<\/div>\r\n\t\t\t\t<div class=\"td-weather-section-3\">\r\n\t\t\t\t\t<i class=\"td-icons-cloud\"><\/i>\r\n\t\t\t\t\t<span class=\"td-weather-parameter td-w-today-clouds\">0\t\t\t\t\t\t%<\/span>\r\n\t\t\t\t<\/div>\r\n\t\t\t<\/div>\r\n\r\n\r\n\t\t\t<div class=\"td-weather-week\">\r\n\t\t\t\t\t\t\t\t\t<div class=\"td-weather-days\">\r\n\t\t\t\t\t\t<div class=\"td-day-0\">dom<\/div>\r\n\r\n\t\t\t\t\t\t<div class=\"td-day-degrees\">\r\n\t\t\t\t\t\t\t<span\r\n\t\t\t\t\t\t\t\tclass=\"td-degrees-0\">26<\/span>\r\n\t\t\t\t\t\t\t<span class=\"td-circle\">&deg;<\/span>\r\n\t\t\t\t\t\t<\/div>\r\n\t\t\t\t\t<\/div>\r\n\t\t\t\t\t\t\t\t\t\t<div class=\"td-weather-days\">\r\n\t\t\t\t\t\t<div class=\"td-day-1\">lun<\/div>\r\n\r\n\t\t\t\t\t\t<div class=\"td-day-degrees\">\r\n\t\t\t\t\t\t\t<span\r\n\t\t\t\t\t\t\t\tclass=\"td-degrees-1\">19<\/span>\r\n\t\t\t\t\t\t\t<span class=\"td-circle\">&deg;<\/span>\r\n\t\t\t\t\t\t<\/div>\r\n\t\t\t\t\t<\/div>\r\n\t\t\t\t\t\t\t\t\t\t<div class=\"td-weather-days\">\r\n\t\t\t\t\t\t<div class=\"td-day-2\">mar<\/div>\r\n\r\n\t\t\t\t\t\t<div class=\"td-day-degrees\">\r\n\t\t\t\t\t\t\t<span\r\n\t\t\t\t\t\t\t\tclass=\"td-degrees-2\">16<\/span>\r\n\t\t\t\t\t\t\t<span class=\"td-circle\">&deg;<\/span>\r\n\t\t\t\t\t\t<\/div>\r\n\t\t\t\t\t<\/div>\r\n\t\t\t\t\t\t\t\t\t\t<div class=\"td-weather-days\">\r\n\t\t\t\t\t\t<div class=\"td-day-3\">mi\u00e9<\/div>\r\n\r\n\t\t\t\t\t\t<div class=\"td-day-degrees\">\r\n\t\t\t\t\t\t\t<span\r\n\t\t\t\t\t\t\t\tclass=\"td-degrees-3\">21<\/span>\r\n\t\t\t\t\t\t\t<span class=\"td-circle\">&deg;<\/span>\r\n\t\t\t\t\t\t<\/div>\r\n\t\t\t\t\t<\/div>\r\n\t\t\t\t\t\t\t\t\t\t<div class=\"td-weather-days\">\r\n\t\t\t\t\t\t<div class=\"td-day-4\">jue<\/div>\r\n\r\n\t\t\t\t\t\t<div class=\"td-day-degrees\">\r\n\t\t\t\t\t\t\t<span\r\n\t\t\t\t\t\t\t\tclass=\"td-degrees-4\">23<\/span>\r\n\t\t\t\t\t\t\t<span class=\"td-circle\">&deg;<\/span>\r\n\t\t\t\t\t\t<\/div>\r\n\t\t\t\t\t<\/div>\r\n\t\t\t\t\t\t\t\t<\/div>\r\n\t\t<\/div>\r\n\r\n\t\t<\/div><\/div><div class=\"wpb_wrapper wpb_text_column td_block_wrap td_block_wrap vc_column_text tdi_14  tagdiv-type td-pb-border-top td_block_template_1\"  data-td-block-uid=\"tdi_14\" >\n<style>\n\/* custom css - generated by TagDiv Composer *\/\n.vc_column_text > .td-element-style{\r\n\t\t\t\t\tz-index: -1;\r\n\t\t\t\t}\n<\/style><div class=\"td-fix-index\"><p style=\"text-align: center;\"><a href=\"https:\/\/contenidosweb.prefecturanaval.gob.ar\/alturas\/\"><img loading=\"lazy\" decoding=\"async\" class=\"aligncenter wp-image-1335 size-full\" src=\"https:\/\/radiobitacora.com.ar\/web\/wp-content\/uploads\/2021\/05\/01.jpg\" alt=\"\" width=\"600\" height=\"384\" srcset=\"https:\/\/radiobitacora.com.ar\/web\/wp-content\/uploads\/2021\/05\/01.jpg 600w, https:\/\/radiobitacora.com.ar\/web\/wp-content\/uploads\/2021\/05\/01-300x192.jpg 300w\" sizes=\"auto, (max-width: 600px) 100vw, 600px\" \/><\/a><\/p>\n<\/div><\/div><div class=\"wpb_wrapper wpb_text_column td_block_wrap td_block_wrap vc_column_text tdi_15  tagdiv-type td-pb-border-top td_block_template_1\"  data-td-block-uid=\"tdi_15\" ><div class=\"td-fix-index\"><p style=\"text-align: center;\"><a href=\"https:\/\/credivip.com.ar\/\"><img loading=\"lazy\" decoding=\"async\" class=\"aligncenter wp-image-1338 size-full\" src=\"https:\/\/radiobitacora.com.ar\/web\/wp-content\/uploads\/2021\/05\/02.jpg\" alt=\"\" width=\"600\" height=\"384\" srcset=\"https:\/\/radiobitacora.com.ar\/web\/wp-content\/uploads\/2021\/05\/02.jpg 600w, https:\/\/radiobitacora.com.ar\/web\/wp-content\/uploads\/2021\/05\/02-300x192.jpg 300w\" sizes=\"auto, (max-width: 600px) 100vw, 600px\" \/><\/a><\/p>\n<\/div><\/div><div class=\"wpb_wrapper wpb_text_column td_block_wrap td_block_wrap vc_column_text tdi_16  tagdiv-type td-pb-border-top td_block_template_1\"  data-td-block-uid=\"tdi_16\" ><div class=\"td-fix-index\"><p style=\"text-align: center;\"><a href=\"https:\/\/www.instagram.com\/ortopedianovel\/?hl=es-la\"><img loading=\"lazy\" decoding=\"async\" class=\"aligncenter wp-image-1341 size-full\" src=\"https:\/\/radiobitacora.com.ar\/web\/wp-content\/uploads\/2021\/05\/03.jpg\" alt=\"\" width=\"600\" height=\"384\" srcset=\"https:\/\/radiobitacora.com.ar\/web\/wp-content\/uploads\/2021\/05\/03.jpg 600w, https:\/\/radiobitacora.com.ar\/web\/wp-content\/uploads\/2021\/05\/03-300x192.jpg 300w\" sizes=\"auto, (max-width: 600px) 100vw, 600px\" \/><\/a><\/p>\n<\/div><\/div><div class=\"wpb_wrapper wpb_text_column td_block_wrap td_block_wrap vc_column_text tdi_17  tagdiv-type td-pb-border-top td_block_template_1\"  data-td-block-uid=\"tdi_17\" ><div class=\"td-fix-index\"><p style=\"text-align: center;\"><a href=\"https:\/\/www.opticasanjuan.com.ar\/\"><img loading=\"lazy\" decoding=\"async\" class=\"aligncenter wp-image-1344 size-full\" src=\"https:\/\/radiobitacora.com.ar\/web\/wp-content\/uploads\/2021\/05\/04.jpg\" alt=\"\" width=\"600\" height=\"384\" srcset=\"https:\/\/radiobitacora.com.ar\/web\/wp-content\/uploads\/2021\/05\/04.jpg 600w, https:\/\/radiobitacora.com.ar\/web\/wp-content\/uploads\/2021\/05\/04-300x192.jpg 300w\" sizes=\"auto, (max-width: 600px) 100vw, 600px\" \/><\/a><\/p>\n<\/div><\/div><div class=\"wpb_wrapper wpb_text_column td_block_wrap td_block_wrap vc_column_text tdi_18  tagdiv-type td-pb-border-top td_block_template_1\"  data-td-block-uid=\"tdi_18\" ><div class=\"td-fix-index\"><p style=\"text-align: center;\"><a href=\"https:\/\/gowigo.com.ar\/\"><img loading=\"lazy\" decoding=\"async\" class=\"aligncenter wp-image-21880\" src=\"https:\/\/radiobitacora.com.ar\/web\/wp-content\/uploads\/2024\/10\/gowigo-logo.jpg\" alt=\"\" width=\"396\" height=\"394\" \/><\/a><\/p>\n<\/div><\/div><div class=\"wpb_wrapper wpb_text_column td_block_wrap td_block_wrap vc_column_text tdi_19  tagdiv-type td-pb-border-top td_block_template_1\"  data-td-block-uid=\"tdi_19\" ><div class=\"td-fix-index\"><p style=\"text-align: center;\"><a href=\"https:\/\/www.instagram.com\/fgmatafuegos\/?hl=es\"><img loading=\"lazy\" decoding=\"async\" class=\"aligncenter wp-image-1350 size-full\" src=\"https:\/\/radiobitacora.com.ar\/web\/wp-content\/uploads\/2021\/05\/06.jpg\" alt=\"\" width=\"600\" height=\"506\" srcset=\"https:\/\/radiobitacora.com.ar\/web\/wp-content\/uploads\/2021\/05\/06.jpg 600w, https:\/\/radiobitacora.com.ar\/web\/wp-content\/uploads\/2021\/05\/06-300x253.jpg 300w, https:\/\/radiobitacora.com.ar\/web\/wp-content\/uploads\/2021\/05\/06-498x420.jpg 498w\" sizes=\"auto, (max-width: 600px) 100vw, 600px\" \/><\/a><\/p>\n<\/div><\/div><div class=\"wpb_wrapper wpb_text_column td_block_wrap td_block_wrap vc_column_text tdi_20  tagdiv-type td-pb-border-top td_block_template_1\"  data-td-block-uid=\"tdi_20\" ><div class=\"td-fix-index\"><p style=\"text-align: center;\"><a href=\"https:\/\/www.instagram.com\/fanaticdetailing\"><img loading=\"lazy\" decoding=\"async\" class=\"aligncenter wp-image-1347 size-full\" src=\"https:\/\/radiobitacora.com.ar\/web\/wp-content\/uploads\/2021\/05\/05.jpg\" alt=\"\" width=\"600\" height=\"506\" srcset=\"https:\/\/radiobitacora.com.ar\/web\/wp-content\/uploads\/2021\/05\/05.jpg 600w, https:\/\/radiobitacora.com.ar\/web\/wp-content\/uploads\/2021\/05\/05-300x253.jpg 300w, https:\/\/radiobitacora.com.ar\/web\/wp-content\/uploads\/2021\/05\/05-498x420.jpg 498w\" sizes=\"auto, (max-width: 600px) 100vw, 600px\" \/><\/a><\/p>\n<\/div><\/div><div class=\"wpb_wrapper wpb_text_column td_block_wrap td_block_wrap vc_column_text tdi_21  tagdiv-type td-pb-border-top td_block_template_1\"  data-td-block-uid=\"tdi_21\" ><div class=\"td-fix-index\"><p style=\"text-align: center;\"><a href=\"https:\/\/www.schellerycia.com\/\"><img loading=\"lazy\" decoding=\"async\" class=\"aligncenter wp-image-1356 size-full\" src=\"https:\/\/radiobitacora.com.ar\/web\/wp-content\/uploads\/2021\/05\/08.jpg\" alt=\"\" width=\"600\" height=\"506\" srcset=\"https:\/\/radiobitacora.com.ar\/web\/wp-content\/uploads\/2021\/05\/08.jpg 600w, https:\/\/radiobitacora.com.ar\/web\/wp-content\/uploads\/2021\/05\/08-300x253.jpg 300w, https:\/\/radiobitacora.com.ar\/web\/wp-content\/uploads\/2021\/05\/08-498x420.jpg 498w\" sizes=\"auto, (max-width: 600px) 100vw, 600px\" \/><\/a><\/p>\n<\/div><\/div><div class=\"wpb_wrapper wpb_text_column td_block_wrap td_block_wrap vc_column_text tdi_22  tagdiv-type td-pb-border-top td_block_template_1\"  data-td-block-uid=\"tdi_22\" ><div class=\"td-fix-index\"><p style=\"text-align: center;\"><a href=\"https:\/\/www.expresoaravera.com\/home\/index.php\"><img loading=\"lazy\" decoding=\"async\" class=\"aligncenter wp-image-21885 size-full\" src=\"https:\/\/radiobitacora.com.ar\/web\/wp-content\/uploads\/2024\/10\/logo_ara_vera_sin_fondo_v2.png\" alt=\"\" width=\"2559\" height=\"1890\" srcset=\"https:\/\/radiobitacora.com.ar\/web\/wp-content\/uploads\/2024\/10\/logo_ara_vera_sin_fondo_v2.png 2559w, https:\/\/radiobitacora.com.ar\/web\/wp-content\/uploads\/2024\/10\/logo_ara_vera_sin_fondo_v2-80x60.png 80w, https:\/\/radiobitacora.com.ar\/web\/wp-content\/uploads\/2024\/10\/logo_ara_vera_sin_fondo_v2-696x514.png 696w, https:\/\/radiobitacora.com.ar\/web\/wp-content\/uploads\/2024\/10\/logo_ara_vera_sin_fondo_v2-1068x789.png 1068w, https:\/\/radiobitacora.com.ar\/web\/wp-content\/uploads\/2024\/10\/logo_ara_vera_sin_fondo_v2-569x420.png 569w\" sizes=\"auto, (max-width: 2559px) 100vw, 2559px\" \/><\/a><\/p>\n<\/div><\/div><div class=\"wpb_wrapper wpb_text_column td_block_wrap td_block_wrap vc_column_text tdi_23  tagdiv-type td-pb-border-top td_block_template_1\"  data-td-block-uid=\"tdi_23\" ><div class=\"td-fix-index\"><p style=\"text-align: center;\"><\/p>\n<\/div><\/div><div class=\"wpb_wrapper wpb_text_column td_block_wrap td_block_wrap vc_column_text tdi_24  tagdiv-type td-pb-border-top td_block_template_1\"  data-td-block-uid=\"tdi_24\" ><div class=\"td-fix-index\"><p style=\"text-align: center;\"><a href=\"https:\/\/www.instagram.com\/pmpiscinasgoya\/\"><img loading=\"lazy\" decoding=\"async\" class=\"aligncenter wp-image-21891 size-full\" src=\"https:\/\/radiobitacora.com.ar\/web\/wp-content\/uploads\/2024\/10\/305652542_487350586732520_2827141331087572064_n.jpg\" alt=\"\" width=\"708\" height=\"708\" srcset=\"https:\/\/radiobitacora.com.ar\/web\/wp-content\/uploads\/2024\/10\/305652542_487350586732520_2827141331087572064_n.jpg 708w, https:\/\/radiobitacora.com.ar\/web\/wp-content\/uploads\/2024\/10\/305652542_487350586732520_2827141331087572064_n-696x696.jpg 696w, https:\/\/radiobitacora.com.ar\/web\/wp-content\/uploads\/2024\/10\/305652542_487350586732520_2827141331087572064_n-420x420.jpg 420w\" sizes=\"auto, (max-width: 708px) 100vw, 708px\" \/><\/a><\/p>\n<\/div><\/div><div class=\"wpb_wrapper wpb_text_column td_block_wrap td_block_wrap vc_column_text tdi_25  tagdiv-type td-pb-border-top td_block_template_1\"  data-td-block-uid=\"tdi_25\" ><div class=\"td-fix-index\"><p style=\"text-align: center;\"><img loading=\"lazy\" decoding=\"async\" class=\"aligncenter size-full wp-image-1369\" src=\"https:\/\/radiobitacora.com.ar\/web\/wp-content\/uploads\/2021\/05\/12.jpg\" alt=\"\" width=\"600\" height=\"506\" srcset=\"https:\/\/radiobitacora.com.ar\/web\/wp-content\/uploads\/2021\/05\/12.jpg 600w, https:\/\/radiobitacora.com.ar\/web\/wp-content\/uploads\/2021\/05\/12-300x253.jpg 300w, https:\/\/radiobitacora.com.ar\/web\/wp-content\/uploads\/2021\/05\/12-498x420.jpg 498w\" sizes=\"auto, (max-width: 600px) 100vw, 600px\" \/><\/p>\n<\/div><\/div><div class=\"wpb_wrapper wpb_text_column td_block_wrap td_block_wrap vc_column_text tdi_26  tagdiv-type td-pb-border-top td_block_template_1\"  data-td-block-uid=\"tdi_26\" ><div class=\"td-fix-index\"><p style=\"text-align: center;\"><a href=\"https:\/\/www.facebook.com\/Autocr%C3%A9dito-Goya-Agencia-Oficial-110297768575670\"><img loading=\"lazy\" decoding=\"async\" class=\"aligncenter wp-image-11779 size-full\" src=\"https:\/\/radiobitacora.com.ar\/web\/wp-content\/uploads\/2022\/11\/IMG-20221128-WA0074.jpg\" alt=\"\" width=\"750\" height=\"1334\" srcset=\"https:\/\/radiobitacora.com.ar\/web\/wp-content\/uploads\/2022\/11\/IMG-20221128-WA0074.jpg 750w, https:\/\/radiobitacora.com.ar\/web\/wp-content\/uploads\/2022\/11\/IMG-20221128-WA0074-696x1238.jpg 696w, https:\/\/radiobitacora.com.ar\/web\/wp-content\/uploads\/2022\/11\/IMG-20221128-WA0074-236x420.jpg 236w\" sizes=\"auto, (max-width: 750px) 100vw, 750px\" \/><\/a><\/p>\n<\/div><\/div><div class=\"wpb_wrapper wpb_text_column td_block_wrap td_block_wrap vc_column_text tdi_27  tagdiv-type td-pb-border-top td_block_template_1\"  data-td-block-uid=\"tdi_27\" ><div class=\"td-fix-index\"><p style=\"text-align: center;\"><figure id=\"attachment_21896\" aria-describedby=\"caption-attachment-21896\" style=\"width: 467px\" class=\"wp-caption aligncenter\"><a href=\"https:\/\/www.instagram.com\/hugor.fernandez\/?hl=es\"><img loading=\"lazy\" decoding=\"async\" class=\"wp-image-21896 size-full\" src=\"https:\/\/radiobitacora.com.ar\/web\/wp-content\/uploads\/2024\/10\/2020-10-19-2.jpg\" alt=\"ALINEACI\u00d3N Y TREN DELANTERO\" width=\"467\" height=\"463\" srcset=\"https:\/\/radiobitacora.com.ar\/web\/wp-content\/uploads\/2024\/10\/2020-10-19-2.jpg 467w, https:\/\/radiobitacora.com.ar\/web\/wp-content\/uploads\/2024\/10\/2020-10-19-2-424x420.jpg 424w\" sizes=\"auto, (max-width: 467px) 100vw, 467px\" \/><\/a><figcaption id=\"caption-attachment-21896\" class=\"wp-caption-text\">Hugo Ram\u00f3n Fern\u00e1ndez<\/figcaption><\/figure><\/p>\n<\/div><\/div><\/div><\/div><\/div><\/div><div id=\"tdi_28\" class=\"tdc-row\"><div class=\"vc_row tdi_29  wpb_row td-pb-row\" >\n<style scoped>\n\/* custom css - generated by TagDiv Composer *\/\n\n\/* custom css - generated by TagDiv Composer *\/\n.tdi_29,\r\n                .tdi_29 .tdc-columns{\r\n                    min-height: 0;\r\n                }.tdi_29,\r\n\t\t\t\t.tdi_29 .tdc-columns{\r\n\t\t\t\t    display: block;\r\n\t\t\t\t}.tdi_29 .tdc-columns{\r\n\t\t\t\t    width: 100%;\r\n\t\t\t\t}.tdi_29:before,\r\n\t\t\t\t.tdi_29:after{\r\n\t\t\t\t    display: table;\r\n\t\t\t\t}\n<\/style><div class=\"vc_column tdi_31  wpb_column vc_column_container tdc-column td-pb-span12\">\n<style scoped>\n\/* custom css - generated by TagDiv Composer *\/\n\n\/* custom css - generated by TagDiv Composer *\/\n.tdi_31{\r\n                    vertical-align: baseline;\r\n                }.tdi_31 > .wpb_wrapper,\r\n\t\t\t\t.tdi_31 > .wpb_wrapper > .tdc-elements{\r\n\t\t\t\t    display: block;\r\n\t\t\t\t}.tdi_31 > .wpb_wrapper > .tdc-elements{\r\n\t\t\t\t    width: 100%;\r\n\t\t\t\t}.tdi_31 > .wpb_wrapper > .vc_row_inner{\r\n\t\t\t\t    width: auto;\r\n\t\t\t\t}.tdi_31 > .wpb_wrapper{\r\n\t\t\t\t    width: auto;\r\n\t\t\t\t    height: auto;\r\n\t\t\t\t}\n<\/style><div class=\"wpb_wrapper\" ><div class=\"td_block_wrap td_block_3 tdi_32 td-pb-border-top td_block_template_1 td-column-3 td_block_padding\"  data-td-block-uid=\"tdi_32\" >\n<style>\n.td-theme-wrap .tdi_32 .td-pulldown-filter-link:hover,\r\n            .td-theme-wrap .tdi_32 .td-subcat-item a:hover,\r\n            .td-theme-wrap .tdi_32 .td-subcat-item .td-cur-simple-item {\r\n                color: #bfa46f;\r\n            }\r\n\r\n            .td-theme-wrap .tdi_32 .block-title > *,\r\n            .td-theme-wrap .tdi_32 .td-subcat-dropdown:hover .td-subcat-more {\r\n                background-color: #bfa46f;\r\n            }\r\n            .td-theme-wrap .td-footer-wrapper .tdi_32 .block-title > * {\r\n                padding: 6px 7px 5px;\r\n                line-height: 1;\r\n            }\r\n\r\n            .td-theme-wrap .tdi_32 .block-title {\r\n                border-color: #bfa46f;\r\n            }\r\n\r\n            \r\n            .td-theme-wrap .tdi_32 .td_module_wrap:hover .entry-title a,\r\n            .td-theme-wrap .tdi_32 .td_quote_on_blocks,\r\n            .td-theme-wrap .tdi_32 .td-opacity-cat .td-post-category:hover,\r\n            .td-theme-wrap .tdi_32 .td-opacity-read .td-read-more a:hover,\r\n            .td-theme-wrap .tdi_32 .td-opacity-author .td-post-author-name a:hover,\r\n            .td-theme-wrap .tdi_32 .td-instagram-user a {\r\n                color: #bfa46f;\r\n            }\r\n\r\n            .td-theme-wrap .tdi_32 .td-next-prev-wrap a:hover,\r\n            .td-theme-wrap .tdi_32 .td-load-more-wrap a:hover {\r\n                background-color: #bfa46f;\r\n                border-color: #bfa46f;\r\n            }\r\n\r\n            .td-theme-wrap .tdi_32 .td-read-more a,\r\n            .td-theme-wrap .tdi_32 .td-weather-information:before,\r\n            .td-theme-wrap .tdi_32 .td-weather-week:before,\r\n            .td-theme-wrap .tdi_32 .td-exchange-header:before,\r\n            .td-theme-wrap .td-footer-wrapper .tdi_32 .td-post-category,\r\n            .td-theme-wrap .tdi_32 .td-post-category:hover {\r\n                background-color: #bfa46f;\r\n            }\n<\/style><script>var block_tdi_32 = new tdBlock();\nblock_tdi_32.id = \"tdi_32\";\nblock_tdi_32.atts = '{\"custom_title\":\"BITACORA TV\",\"category_id\":\"74\",\"limit\":\"3\",\"header_color\":\"#bfa46f\",\"block_type\":\"td_block_3\",\"separator\":\"\",\"custom_url\":\"\",\"block_template_id\":\"\",\"m1_tl\":\"\",\"post_ids\":\"\",\"taxonomies\":\"\",\"category_ids\":\"\",\"in_all_terms\":\"\",\"tag_slug\":\"\",\"autors_id\":\"\",\"installed_post_types\":\"\",\"include_cf_posts\":\"\",\"exclude_cf_posts\":\"\",\"sort\":\"\",\"popular_by_date\":\"\",\"linked_posts\":\"\",\"favourite_only\":\"\",\"offset\":\"\",\"open_in_new_window\":\"\",\"show_modified_date\":\"\",\"time_ago\":\"\",\"time_ago_add_txt\":\"ago\",\"time_ago_txt_pos\":\"\",\"review_source\":\"\",\"el_class\":\"\",\"td_ajax_filter_type\":\"\",\"td_ajax_filter_ids\":\"\",\"td_filter_default_txt\":\"All\",\"td_ajax_preloading\":\"\",\"f_header_font_header\":\"\",\"f_header_font_title\":\"Block header\",\"f_header_font_settings\":\"\",\"f_header_font_family\":\"\",\"f_header_font_size\":\"\",\"f_header_font_line_height\":\"\",\"f_header_font_style\":\"\",\"f_header_font_weight\":\"\",\"f_header_font_transform\":\"\",\"f_header_font_spacing\":\"\",\"f_header_\":\"\",\"f_ajax_font_title\":\"Ajax categories\",\"f_ajax_font_settings\":\"\",\"f_ajax_font_family\":\"\",\"f_ajax_font_size\":\"\",\"f_ajax_font_line_height\":\"\",\"f_ajax_font_style\":\"\",\"f_ajax_font_weight\":\"\",\"f_ajax_font_transform\":\"\",\"f_ajax_font_spacing\":\"\",\"f_ajax_\":\"\",\"f_more_font_title\":\"Load more button\",\"f_more_font_settings\":\"\",\"f_more_font_family\":\"\",\"f_more_font_size\":\"\",\"f_more_font_line_height\":\"\",\"f_more_font_style\":\"\",\"f_more_font_weight\":\"\",\"f_more_font_transform\":\"\",\"f_more_font_spacing\":\"\",\"f_more_\":\"\",\"m1f_title_font_header\":\"\",\"m1f_title_font_title\":\"Article title\",\"m1f_title_font_settings\":\"\",\"m1f_title_font_family\":\"\",\"m1f_title_font_size\":\"\",\"m1f_title_font_line_height\":\"\",\"m1f_title_font_style\":\"\",\"m1f_title_font_weight\":\"\",\"m1f_title_font_transform\":\"\",\"m1f_title_font_spacing\":\"\",\"m1f_title_\":\"\",\"m1f_cat_font_title\":\"Article category tag\",\"m1f_cat_font_settings\":\"\",\"m1f_cat_font_family\":\"\",\"m1f_cat_font_size\":\"\",\"m1f_cat_font_line_height\":\"\",\"m1f_cat_font_style\":\"\",\"m1f_cat_font_weight\":\"\",\"m1f_cat_font_transform\":\"\",\"m1f_cat_font_spacing\":\"\",\"m1f_cat_\":\"\",\"m1f_meta_font_title\":\"Article meta info\",\"m1f_meta_font_settings\":\"\",\"m1f_meta_font_family\":\"\",\"m1f_meta_font_size\":\"\",\"m1f_meta_font_line_height\":\"\",\"m1f_meta_font_style\":\"\",\"m1f_meta_font_weight\":\"\",\"m1f_meta_font_transform\":\"\",\"m1f_meta_font_spacing\":\"\",\"m1f_meta_\":\"\",\"ajax_pagination\":\"\",\"ajax_pagination_next_prev_swipe\":\"\",\"ajax_pagination_infinite_stop\":\"\",\"css\":\"\",\"tdc_css\":\"\",\"td_column_number\":3,\"color_preset\":\"\",\"border_top\":\"\",\"class\":\"tdi_32\",\"tdc_css_class\":\"tdi_32\",\"tdc_css_class_style\":\"tdi_32_rand_style\"}';\nblock_tdi_32.td_column_number = \"3\";\nblock_tdi_32.block_type = \"td_block_3\";\nblock_tdi_32.post_count = \"3\";\nblock_tdi_32.found_posts = \"123\";\nblock_tdi_32.header_color = \"#bfa46f\";\nblock_tdi_32.ajax_pagination_infinite_stop = \"\";\nblock_tdi_32.max_num_pages = \"41\";\ntdBlocksArray.push(block_tdi_32);\n<\/script><div class=\"td-block-title-wrap\"><h4 class=\"block-title td-block-title\"><span class=\"td-pulldown-size\">BITACORA TV<\/span><\/h4><\/div><div id=tdi_32 class=\"td_block_inner\">\n\n\t<div class=\"td-block-row\">\n\n\t<div class=\"td-block-span4\">\n\r\n        <div class=\"td_module_1 td_module_wrap td-animation-stack\">\r\n            <div class=\"td-module-image\">\r\n                <div class=\"td-module-thumb\"><a href=\"https:\/\/radiobitacora.com.ar\/web\/2026\/04\/25\/actividades-ludicas-y-educativas-para-escolares-en-costa-surubi\/\"  rel=\"bookmark\" class=\"td-image-wrap \" title=\"ACTIVIDADES L\u00daDICAS Y EDUCATIVAS PARA ESCOLARES EN COSTA SURUB\u00cd\" ><img loading=\"lazy\" decoding=\"async\" width=\"324\" height=\"160\" class=\"entry-thumb\" src=\"https:\/\/radiobitacora.com.ar\/web\/wp-content\/uploads\/2026\/04\/Transito-en-Expo-Goya-FNS-Ilustracion-324x160.jpg\"  srcset=\"https:\/\/radiobitacora.com.ar\/web\/wp-content\/uploads\/2026\/04\/Transito-en-Expo-Goya-FNS-Ilustracion-324x160.jpg 324w, https:\/\/radiobitacora.com.ar\/web\/wp-content\/uploads\/2026\/04\/Transito-en-Expo-Goya-FNS-Ilustracion-533x261.jpg 533w\" sizes=\"auto, (max-width: 324px) 100vw, 324px\"  alt=\"\" title=\"ACTIVIDADES L\u00daDICAS Y EDUCATIVAS PARA ESCOLARES EN COSTA SURUB\u00cd\" \/><\/a><\/div>                <a href=\"https:\/\/radiobitacora.com.ar\/web\/category\/bitacora-tv\/\" class=\"td-post-category\" >NOTAS BIT\u00c1CORA STREAMING<\/a>            <\/div>\r\n            <h3 class=\"entry-title td-module-title\"><a href=\"https:\/\/radiobitacora.com.ar\/web\/2026\/04\/25\/actividades-ludicas-y-educativas-para-escolares-en-costa-surubi\/\"  rel=\"bookmark\" title=\"ACTIVIDADES L\u00daDICAS Y EDUCATIVAS PARA ESCOLARES EN COSTA SURUB\u00cd\">ACTIVIDADES L\u00daDICAS Y EDUCATIVAS PARA ESCOLARES EN COSTA SURUB\u00cd<\/a><\/h3>\r\n            <div class=\"td-module-meta-info\">\r\n                                <span class=\"td-post-date\"><time class=\"entry-date updated td-module-date\" datetime=\"2026-04-25T20:59:43-03:00\" >25 abril, 2026<\/time><\/span>                            <\/div>\r\n\r\n            \r\n        <\/div>\r\n\r\n        \n\t<\/div> <!-- .\/td-block-span4 -->\n\n\t<div class=\"td-block-span4\">\n\r\n        <div class=\"td_module_1 td_module_wrap td-animation-stack\">\r\n            <div class=\"td-module-image\">\r\n                <div class=\"td-module-thumb\"><a href=\"https:\/\/radiobitacora.com.ar\/web\/2026\/04\/25\/voces-callejeras-martin-ramirez-y-andres-cavalieri-palpitan-el-mundial-de-pesca-del-surubi\/\"  rel=\"bookmark\" class=\"td-image-wrap \" title=\"VOCES CALLEJERAS: MART\u00cdN RAM\u00cdREZ Y ANDR\u00c9S CAVALIERI PALPITAN EL MUNDIAL DE PESCA DEL SURUB\u00cd\" ><img loading=\"lazy\" decoding=\"async\" width=\"324\" height=\"160\" class=\"entry-thumb\" src=\"https:\/\/radiobitacora.com.ar\/web\/wp-content\/uploads\/2026\/04\/WhatsApp-Image-2026-04-25-at-2.00.50-PM-324x160.jpeg\"  srcset=\"https:\/\/radiobitacora.com.ar\/web\/wp-content\/uploads\/2026\/04\/WhatsApp-Image-2026-04-25-at-2.00.50-PM-324x160.jpeg 324w, https:\/\/radiobitacora.com.ar\/web\/wp-content\/uploads\/2026\/04\/WhatsApp-Image-2026-04-25-at-2.00.50-PM-533x261.jpeg 533w\" sizes=\"auto, (max-width: 324px) 100vw, 324px\"  alt=\"\" title=\"VOCES CALLEJERAS: MART\u00cdN RAM\u00cdREZ Y ANDR\u00c9S CAVALIERI PALPITAN EL MUNDIAL DE PESCA DEL SURUB\u00cd\" \/><\/a><\/div>                <a href=\"https:\/\/radiobitacora.com.ar\/web\/category\/bitacora-tv\/\" class=\"td-post-category\" >NOTAS BIT\u00c1CORA STREAMING<\/a>            <\/div>\r\n            <h3 class=\"entry-title td-module-title\"><a href=\"https:\/\/radiobitacora.com.ar\/web\/2026\/04\/25\/voces-callejeras-martin-ramirez-y-andres-cavalieri-palpitan-el-mundial-de-pesca-del-surubi\/\"  rel=\"bookmark\" title=\"VOCES CALLEJERAS: MART\u00cdN RAM\u00cdREZ Y ANDR\u00c9S CAVALIERI PALPITAN EL MUNDIAL DE PESCA DEL SURUB\u00cd\">VOCES CALLEJERAS: MART\u00cdN RAM\u00cdREZ Y ANDR\u00c9S CAVALIERI PALPITAN EL MUNDIAL DE...<\/a><\/h3>\r\n            <div class=\"td-module-meta-info\">\r\n                                <span class=\"td-post-date\"><time class=\"entry-date updated td-module-date\" datetime=\"2026-04-25T14:06:46-03:00\" >25 abril, 2026<\/time><\/span>                            <\/div>\r\n\r\n            \r\n        <\/div>\r\n\r\n        \n\t<\/div> <!-- .\/td-block-span4 -->\n\n\t<div class=\"td-block-span4\">\n\r\n        <div class=\"td_module_1 td_module_wrap td-animation-stack\">\r\n            <div class=\"td-module-image\">\r\n                <div class=\"td-module-thumb\"><a href=\"https:\/\/radiobitacora.com.ar\/web\/2026\/04\/25\/conta-conmigo-luisina-leyes-analizo-la-planificacion-urbana-y-los-desafios-de-goya-hacia-2030\/\"  rel=\"bookmark\" class=\"td-image-wrap \" title=\"CONTA CONMIGO: LUISINA LEYES ANALIZ\u00d3 LA PLANIFICACI\u00d3N URBANA Y LOS DESAF\u00cdOS DE GOYA HACIA 2030\" ><img loading=\"lazy\" decoding=\"async\" width=\"324\" height=\"160\" class=\"entry-thumb\" src=\"https:\/\/radiobitacora.com.ar\/web\/wp-content\/uploads\/2026\/04\/WhatsApp-Image-2026-04-23-at-11.41.38-AM-324x160.jpeg\"  srcset=\"https:\/\/radiobitacora.com.ar\/web\/wp-content\/uploads\/2026\/04\/WhatsApp-Image-2026-04-23-at-11.41.38-AM-324x160.jpeg 324w, https:\/\/radiobitacora.com.ar\/web\/wp-content\/uploads\/2026\/04\/WhatsApp-Image-2026-04-23-at-11.41.38-AM-533x261.jpeg 533w\" sizes=\"auto, (max-width: 324px) 100vw, 324px\"  alt=\"\" title=\"CONTA CONMIGO: LUISINA LEYES ANALIZ\u00d3 LA PLANIFICACI\u00d3N URBANA Y LOS DESAF\u00cdOS DE GOYA HACIA 2030\" \/><\/a><\/div>                <a href=\"https:\/\/radiobitacora.com.ar\/web\/category\/bitacora-tv\/\" class=\"td-post-category\" >NOTAS BIT\u00c1CORA STREAMING<\/a>            <\/div>\r\n            <h3 class=\"entry-title td-module-title\"><a href=\"https:\/\/radiobitacora.com.ar\/web\/2026\/04\/25\/conta-conmigo-luisina-leyes-analizo-la-planificacion-urbana-y-los-desafios-de-goya-hacia-2030\/\"  rel=\"bookmark\" title=\"CONTA CONMIGO: LUISINA LEYES ANALIZ\u00d3 LA PLANIFICACI\u00d3N URBANA Y LOS DESAF\u00cdOS DE GOYA HACIA 2030\">CONTA CONMIGO: LUISINA LEYES ANALIZ\u00d3 LA PLANIFICACI\u00d3N URBANA Y LOS DESAF\u00cdOS...<\/a><\/h3>\r\n            <div class=\"td-module-meta-info\">\r\n                                <span class=\"td-post-date\"><time class=\"entry-date updated td-module-date\" datetime=\"2026-04-25T13:14:46-03:00\" >25 abril, 2026<\/time><\/span>                            <\/div>\r\n\r\n            \r\n        <\/div>\r\n\r\n        \n\t<\/div> <!-- .\/td-block-span4 --><\/div><!--.\/row-fluid--><\/div><\/div> <!-- .\/block --><\/div><\/div><\/div><\/div>","protected":false},"excerpt":{"rendered":"","protected":false},"author":1,"featured_media":0,"parent":0,"menu_order":0,"comment_status":"closed","ping_status":"closed","template":"","meta":{"footnotes":""},"class_list":["post-3028","page","type-page","status-publish"],"_links":{"self":[{"href":"https:\/\/radiobitacora.com.ar\/web\/wp-json\/wp\/v2\/pages\/3028","targetHints":{"allow":["GET"]}}],"collection":[{"href":"https:\/\/radiobitacora.com.ar\/web\/wp-json\/wp\/v2\/pages"}],"about":[{"href":"https:\/\/radiobitacora.com.ar\/web\/wp-json\/wp\/v2\/types\/page"}],"author":[{"embeddable":true,"href":"https:\/\/radiobitacora.com.ar\/web\/wp-json\/wp\/v2\/users\/1"}],"replies":[{"embeddable":true,"href":"https:\/\/radiobitacora.com.ar\/web\/wp-json\/wp\/v2\/comments?post=3028"}],"version-history":[{"count":0,"href":"https:\/\/radiobitacora.com.ar\/web\/wp-json\/wp\/v2\/pages\/3028\/revisions"}],"wp:attachment":[{"href":"https:\/\/radiobitacora.com.ar\/web\/wp-json\/wp\/v2\/media?parent=3028"}],"curies":[{"name":"wp","href":"https:\/\/api.w.org\/{rel}","templated":true}]}}